{"id":17606,"date":"2024-10-30T13:12:31","date_gmt":"2024-10-30T17:12:31","guid":{"rendered":"https:\/\/zero-gravite.ca\/event\/talk-with-nathalie-fortin-from-4000-m-to-8848-m\/"},"modified":"2024-10-30T13:12:31","modified_gmt":"2024-10-30T17:12:31","slug":"talk-with-nathalie-fortin-from-4000-m-to-8848-m","status":"publish","type":"tribe_events","link":"https:\/\/zero-gravite.ca\/en\/event\/talk-with-nathalie-fortin-from-4000-m-to-8848-m\/","title":{"rendered":"Talk with Nathalie Fortin : from 4000 m to 8848 m"},"content":{"rendered":"<div  class=\"tribe-events-schedule tribe-clearfix\" >\n\t<h2 class=\"tribe-events-schedule__datetime\">\n\t\t<span class=\"tribe-events-schedule__date tribe-events-schedule__date--start\">\n\t\t\t2024-11-15\t\t<\/span>\n\n\t\t\t\t\t<span class=\"tribe-events-schedule__separator tribe-events-schedule__separator--date\">\n\t\t\t\t @ \t\t\t<\/span>\n\t\t\t<span class=\"tribe-events-schedule__time tribe-events-schedule__time--start\">\n\t\t\t\t19:30\t\t\t<\/span>\n\t\t\n\t\t\t\t\t\t\t\t\t<span class=\"tribe-events-schedule__separator tribe-events-schedule__separator--time\">\n\t\t\t\t\t &#8211; \t\t\t\t<\/span>\n\t\t\t\n\t\t\t\t\t\t\t<span class=\"tribe-events-schedule__time tribe-events-schedule__time--end\">\n\t\t\t\t\t21:30\t\t\t\t<\/span>\n\t\t\t\n\t\t\t\t\t\t<\/h2>\n<\/div>\n\n<div class=\"wp-block-columns is-layout-flex wp-container-core-columns-is-layout-28f84493 wp-block-columns-is-layout-flex\">\n<div class=\"wp-block-column is-layout-flow wp-block-column-is-layout-flow\" style=\"flex-basis:66.66%\">\n<p><strong>Talk with Nathalie Fortin : from 4000 m to 8848 m <\/strong><\/p>\n\n\n\n<p>Nathalie Fortin often receives many questions after her high-altitude expeditions: &#8220;You must have been in amazing shape after Everest with all those red blood cells!&#8221; or &#8220;Why did you use fixed ropes when descending Everest?&#8221; During this talk, she will share her firsthand experiences on various mountains around the world (Alaska, South America, France, Kyrgyzstan, Nepal, Pakistan, the Canadian Rockies, and Russia). She will discuss the unique challenges of climbing mountains at different altitudes, including effects on the body, preparation, and lessons learned. This will be a relaxed evening\u2014no exact science, just the shared experiences of each person&#8217;s journey.    <\/p>\n\n\n\n<p><strong>Nathalie Fortin, mountaineer and speaker :<\/strong><\/p>\n\n\n\n<p>Nathalie began climbing in 1992 and ventured into mountaineering in 1996 in the Canadian Rockies. An engineer by training and an environmental project manager for the federal government, she has summited peaks worldwide, from the 4,000-meter mountains in Western Canada to the summit of Everest (8,848 m). Her mountaineering journey led her to guide expeditions on Mount Elbrus in Russia in 2014 and on Lenin Peak in Kyrgyzstan, reflecting her desire to help others push beyond their limits.  <br\/><br\/>Nathalie shares her expertise and passion through motivational talks at schools and companies, and she participates in various media and community events. She is actively involved in the climbing community, especially in supporting women as they take on their first ice climbing and dry tooling experiences, empowering them to become self-sufficient. She founded the Facebook group &#8220;Des femmes et des lames,&#8221; which helps women connect with partners for these pursuits. An annual award in her name is given to a woman who has made a significant impact through her ascents and commitment to the climbing community. Recognized as a leading figure in ice climbing and mountaineering in Quebec and Canada, Nathalie is an inspiring role model for many mountain enthusiasts.    <\/p>\n<\/div>\n\n\n\n<div class=\"wp-block-column is-layout-flow wp-block-column-is-layout-flow\" style=\"flex-basis:33.33%\">\n<figure class=\"wp-block-image aligncenter size-large is-resized\"><img fetchpriority=\"high\" decoding=\"async\" width=\"1024\" height=\"1024\" src=\"https:\/\/zero-gravite.ca\/wp-content\/uploads\/2024\/10\/Reseaux-sociaux-carre-1024x1024.jpg\" alt=\"Talk with Nathalie Fortin at Z&#xE9;ro Gravit&#xE9; on November 15: Mountaineering, Dry Tooling, and Ice Climbing.\" class=\"wp-image-17598\" style=\"width:375px;height:auto\" srcset=\"https:\/\/zero-gravite.ca\/wp-content\/uploads\/2024\/10\/Reseaux-sociaux-carre-1024x1024.jpg 1024w, https:\/\/zero-gravite.ca\/wp-content\/uploads\/2024\/10\/Reseaux-sociaux-carre-300x300.jpg 300w, https:\/\/zero-gravite.ca\/wp-content\/uploads\/2024\/10\/Reseaux-sociaux-carre-150x150.jpg 150w, https:\/\/zero-gravite.ca\/wp-content\/uploads\/2024\/10\/Reseaux-sociaux-carre-768x768.jpg 768w, https:\/\/zero-gravite.ca\/wp-content\/uploads\/2024\/10\/Reseaux-sociaux-carre-1536x1536.jpg 1536w\" sizes=\"(max-width: 1024px) 100vw, 1024px\" \/><\/figure>\n<\/div>\n<\/div>\n<div  class=\"tribe-block tribe-block__event-price\" >\n\t\t\t<span class=\"tribe-block__event-price__cost\"> Free <\/span>\n\t\t\t\t<span class=\"tribe-block__event-price__description\">Sur r\u00e9servation<\/span>\n\t<\/div>\n<div  class=\"tribe-block tribe-block__venue tribe-clearfix tribe-block__venue--has-map\" >\n\t\n\t\n<div class=\"tribe-block__venue__meta\">\n\t<div class=\"tribe-block__venue__name\">\n\t\t<h3>Z\u00e9ro Gravit\u00e9 escalade &#038; yoga<\/h3>\n\t<\/div>\n\n\t\n\t\t\t<address class=\"tribe-block__venue__address\">\n\t\t\t<span class=\"tribe-address\">\n\n<span class=\"tribe-street-address\">4519 Papineau<\/span>\n\t\n\t\t<br>\n\t\t<span class=\"tribe-locality\">Montreal<\/span><span class=\"tribe-delimiter\">,<\/span>\n\n\t<abbr class=\"tribe-region tribe-events-abbr\" title=\"QC\">QC<\/abbr>\n\n\t<span class=\"tribe-postal-code\">H2H1V4<\/span>\n\n\n<\/span>\n\n\t\t\t\t\t\t\t<a class=\"tribe-events-gmap\" href=\"https:\/\/maps.google.com\/maps?f=q&#038;source=s_q&#038;hl=en&#038;geocode=&#038;q=4519+Papineau+Montreal+QC+H2H1V4\" title=\"Click to view a Google Map\" target=\"_blank\" rel=\"noreferrer noopener\">+ Google Map<\/a>\t\t\t\t\t<\/address>\n\t\n\t\n\t\t\t<span class=\"tribe-block__venue__website\"><a href=\"https:\/\/zero-gravite.ca\" target=\"_self\" rel=\"external\">View Venue Website<\/a><\/span><br \/>\n\t\n\t<\/div>\n\t\n<div class=\"tribe-block__venue__map\">\n\t\n<iframe\n  title=\"Google maps iframe displaying the address to Z\u00e9ro Gravit\u00e9 escalade &#038; yoga\"\n  aria-label=\"Venue location map\"\n  width=\"310px\"\n  height=\"256px\"\n  frameborder=\"0\" style=\"border:0\"\n  src=\"https:\/\/www.google.com\/maps\/embed\/v1\/place?key=AIzaSyDNsicAsP6-VuGtAb1O9riI3oc_NOb7IOU&#038;q=4519+Papineau+Montreal+QC+QC+H2H1V4+&#038;zoom=10\" allowfullscreen>\n<\/iframe>\n<\/div>\n\n\t<\/div>\n<div  class=\"tribe-block tribe-block__event-website\" >\n\t<a\n\t\thref=\"https:\/\/bit.ly\/4fgjivf\"\n\t\ttarget=\"_self\"\n\t\t\t>\n\t\tR\u00e9servation\t<\/a>\n<\/div>\n\t<div  class=\"tribe-block tribe-block__events-link\" >\n\t\t<div class=\"tribe-events tribe-common\">\n\t\t\t<div class=\"tribe-events-c-subscribe-dropdown__container\">\n\t\t\t\t<div class=\"tribe-events-c-subscribe-dropdown\">\n\t\t\t\t\t<div class=\"tribe-common-c-btn-border tribe-events-c-subscribe-dropdown__button\">\n\t\t\t\t\t\t<svg  class=\"tribe-common-c-svgicon tribe-common-c-svgicon--cal-export tribe-events-c-subscribe-dropdown__export-icon\"  viewBox=\"0 0 23 17\" xmlns=\"http:\/\/www.w3.org\/2000\/svg\">\n  <path fill-rule=\"evenodd\" clip-rule=\"evenodd\" d=\"M.128.896V16.13c0 .211.145.383.323.383h15.354c.179 0 .323-.172.323-.383V.896c0-.212-.144-.383-.323-.383H.451C.273.513.128.684.128.896Zm16 6.742h-.901V4.679H1.009v10.729h14.218v-3.336h.901V7.638ZM1.01 1.614h14.218v2.058H1.009V1.614Z\" \/>\n  <path d=\"M20.5 9.846H8.312M18.524 6.953l2.89 2.909-2.855 2.855\" stroke-width=\"1.2\" stroke-linecap=\"round\" stroke-linejoin=\"round\"\/>\n<\/svg>\n\t\t\t\t\t\t<button\n\t\t\t\t\t\t\tclass=\"tribe-events-c-subscribe-dropdown__button-text\"\n\t\t\t\t\t\t\taria-expanded=\"false\"\n\t\t\t\t\t\t\taria-controls=\"tribe-events-subscribe-dropdown-content\"\n\t\t\t\t\t\t\taria-label=\"\"\n\t\t\t\t\t\t>\n\t\t\t\t\t\t\tAdd to calendar\t\t\t\t\t\t<\/button>\n\t\t\t\t\t\t<svg  class=\"tribe-common-c-svgicon tribe-common-c-svgicon--caret-down tribe-events-c-subscribe-dropdown__button-icon\"  viewBox=\"0 0 10 7\" xmlns=\"http:\/\/www.w3.org\/2000\/svg\" aria-hidden=\"true\"><path fill-rule=\"evenodd\" clip-rule=\"evenodd\" d=\"M1.008.609L5 4.6 8.992.61l.958.958L5 6.517.05 1.566l.958-.958z\" class=\"tribe-common-c-svgicon__svg-fill\"\/><\/svg>\n\t\t\t\t\t<\/div>\n\t\t\t\t\t<div id=\"tribe-events-subscribe-dropdown-content\" class=\"tribe-events-c-subscribe-dropdown__content\">\n\t\t\t\t\t\t<ul class=\"tribe-events-c-subscribe-dropdown__list\">\n\t\t\t\t\t\t\t\t\t\t\t\t\t\t\t<li class=\"tribe-events-c-subscribe-dropdown__list-item\">\n\t\t\t\t\t\t\t\t\t<a\n\t\t\t\t\t\t\t\t\t\thref=\"https:\/\/www.google.com\/calendar\/event?action=TEMPLATE&#038;dates=20241115T193000\/20241115T213000&#038;text=Talk%20with%20Nathalie%20Fortin%20%3A%20from%204000%20m%20to%208848%20m&#038;details=%3Cdiv+class%3D%22wp-block-columns%22%3E%3Cdiv+class%3D%22wp-block-column%22+style%3D%22flex-basis%3A66.66%25%22%3E%3Cp%3E%3Cstrong%3ETalk+with+Nathalie+Fortin+%3A+from+4000+m+to+8848+m+%3C%2Fstrong%3E%3C%2Fp%3E+%3Cp%3ENathalie+Fortin+often+receives+many+questions+after+her+high-altitude+expeditions%3A+%22You+must+have+been+in+amazing+shape+after+Everest+with+all+those+red+blood+cells%21%22+or+%22Why+did+you+use+fixed+ropes+when+descending+Everest%3F%22+During+this+talk%2C+she+will+share+her+firsthand+experiences+on+various+mountains+around+the+world+%28Alaska%2C+South+America%2C+France%2C+Kyrgyzstan%2C+Nepal%2C+Pakistan%2C+the+Canadian+Rockies%2C+and+Russia%29.+She+will+discuss+the+unique+challenges+of+climbing+mountains+at+different+altitudes%2C+including+effects+on+the+body%2C+preparation%2C+and+lessons+learned.+This+will+be+a+relaxed+evening%E2%80%94no+exact+science%2C+just+the+shared+experiences+of+each+person%27s+journey.++++%3C%2Fp%3E+%3Cp%3E%3Cstrong%3ENathalie+Fortin%2C+mountaineer+and+speaker+%3A%3C%2Fstrong%3E%3C%2Fp%3E+%3Cp%3ENathalie+began+climbing+in+1992+and+ventured+into+mountaineering+in%3C%2Fp%3E%3C%2Fdiv%3E%3C%2Fdiv%3E+%28View+Full+event+Description+Here%3A+https%3A%2F%2Fzero-gravite.ca%2Fen%2Fevent%2Ftalk-with-nathalie-fortin-from-4000-m-to-8848-m%2F%29&#038;location=Z\u00e9ro%20Gravit\u00e9%20escalade%20&#038;%20yoga,%204519%20Papineau,%20Montreal,%20QC,%20H2H1V4&#038;trp=false&#038;ctz=America\/New_York&#038;sprop=website:https:\/\/zero-gravite.ca\/en\/\"\n\t\t\t\t\t\t\t\t\t\tclass=\"tribe-events-c-subscribe-dropdown__list-item-link\"\n\t\t\t\t\t\t\t\t\t\ttarget=\"_blank\"\n\t\t\t\t\t\t\t\t\t\trel=\"noopener noreferrer nofollow noindex\"\n\t\t\t\t\t\t\t\t\t>\n\t\t\t\t\t\t\t\t\t\tGoogle Calendar\t\t\t\t\t\t\t\t\t<\/a>\n\t\t\t\t\t\t\t\t<\/li>\n\t\t\t\t\t\t\t\t\t\t\t\t\t\t\t<li class=\"tribe-events-c-subscribe-dropdown__list-item\">\n\t\t\t\t\t\t\t\t\t<a\n\t\t\t\t\t\t\t\t\t\thref=\"\"\n\t\t\t\t\t\t\t\t\t\tclass=\"tribe-events-c-subscribe-dropdown__list-item-link\"\n\t\t\t\t\t\t\t\t\t\ttarget=\"_blank\"\n\t\t\t\t\t\t\t\t\t\trel=\"noopener noreferrer nofollow noindex\"\n\t\t\t\t\t\t\t\t\t>\n\t\t\t\t\t\t\t\t\t\tiCalendar\t\t\t\t\t\t\t\t\t<\/a>\n\t\t\t\t\t\t\t\t<\/li>\n\t\t\t\t\t\t\t\t\t\t\t\t\t\t\t<li class=\"tribe-events-c-subscribe-dropdown__list-item\">\n\t\t\t\t\t\t\t\t\t<a\n\t\t\t\t\t\t\t\t\t\thref=\"\"\n\t\t\t\t\t\t\t\t\t\tclass=\"tribe-events-c-subscribe-dropdown__list-item-link\"\n\t\t\t\t\t\t\t\t\t\ttarget=\"_blank\"\n\t\t\t\t\t\t\t\t\t\trel=\"noopener noreferrer nofollow noindex\"\n\t\t\t\t\t\t\t\t\t>\n\t\t\t\t\t\t\t\t\t\tOutlook 365\t\t\t\t\t\t\t\t\t<\/a>\n\t\t\t\t\t\t\t\t<\/li>\n\t\t\t\t\t\t\t\t\t\t\t\t\t\t\t<li class=\"tribe-events-c-subscribe-dropdown__list-item\">\n\t\t\t\t\t\t\t\t\t<a\n\t\t\t\t\t\t\t\t\t\thref=\"\"\n\t\t\t\t\t\t\t\t\t\tclass=\"tribe-events-c-subscribe-dropdown__list-item-link\"\n\t\t\t\t\t\t\t\t\t\ttarget=\"_blank\"\n\t\t\t\t\t\t\t\t\t\trel=\"noopener noreferrer nofollow noindex\"\n\t\t\t\t\t\t\t\t\t>\n\t\t\t\t\t\t\t\t\t\tOutlook Live\t\t\t\t\t\t\t\t\t<\/a>\n\t\t\t\t\t\t\t\t<\/li>\n\t\t\t\t\t\t\t\t\t\t\t\t\t<\/ul>\n\t\t\t\t\t<\/div>\n\t\t\t\t<\/div>\n\t\t\t<\/div>\n\t\t<\/div>\n\t<\/div>\n\n","protected":false},"excerpt":{"rendered":"<p>During this talk, Nathalie Fortin will share her experiences on various mountains around the world (Alaska, South America, France, Kyrgyzstan, Nepal, Pakistan, the Canadian Rockies, and Russia). She will discuss the unique challenges of climbing mountains at different altitudes, including the effects on the body, preparation, learning experiences, and more. <\/p>\n","protected":false},"author":23,"featured_media":17599,"comment_status":"closed","ping_status":"closed","template":"","meta":{"_mo_disable_npp":"","site-sidebar-layout":"default","site-content-layout":"default","ast-global-header-display":"","ast-main-header-display":"","ast-hfb-above-header-display":"","ast-hfb-below-header-display":"","ast-hfb-mobile-header-display":"","site-post-title":"","ast-breadcrumbs-content":"","ast-featured-img":"","footer-sml-layout":"","theme-transparent-header-meta":"","adv-header-id-meta":"","stick-header-meta":"","header-above-stick-meta":"","header-main-stick-meta":"","header-below-stick-meta":"","_EventAllDay":false,"_EventTimezone":"America\/New_York","_EventStartDate":"2024-11-15 19:30:00","_EventEndDate":"2024-11-15 21:30:00","_EventStartDateUTC":"2024-11-16 00:30:00","_EventEndDateUTC":"2024-11-16 02:30:00","_EventShowMap":false,"_EventShowMapLink":false,"_EventURL":"https:\/\/bit.ly\/4fgjivf","_EventCost":"Free","_EventCostDescription":"","_EventCurrencySymbol":"","_EventCurrencyCode":"","_EventCurrencyPosition":"","_EventDateTimeSeparator":"","_EventTimeRangeSeparator":"","_EventOrganizerID":[],"_EventVenueID":[14637],"_OrganizerEmail":"","_OrganizerPhone":"","_OrganizerWebsite":"","_VenueAddress":"","_VenueCity":"","_VenueCountry":"","_VenueProvince":"","_VenueState":"","_VenueZip":"","_VenuePhone":"","_VenueURL":"","_VenueStateProvince":"","_VenueLat":"","_VenueLng":"","_VenueShowMap":false,"_VenueShowMapLink":false,"_tribe_events_status":"","_tribe_events_status_reason":"","footnotes":""},"tags":[553,561,278,560,559],"tribe_events_cat":[541],"class_list":["post-17606","tribe_events","type-tribe_events","status-publish","has-post-thumbnail","hentry","tag-alpinism","tag-drytooling-en","tag-montreal-en","tag-nathalie-fortin-en","tag-talk","tribe_events_cat-talk","cat_talk"],"yoast_head":"<!-- This site is optimized with the Yoast SEO plugin v22.7 - https:\/\/yoast.com\/wordpress\/plugins\/seo\/ -->\n<title>Talk with Nathalie Fortin : from 4000 m to 8848 m | Z\u00e9ro Gravit\u00e9<\/title>\n<meta name=\"description\" content=\"During this talk, Nathalie Fortin will share her experiences on various mountains around the world (Alaska, South America, France, Kyrgyzstan, Nepal, Pakistan, the Canadian Rockies, and Russia). She will discuss the unique challenges of climbing mountains at different altitudes, including the effects on the body, preparation, learning experiences, and more.\" \/>\n<meta name=\"robots\" content=\"index, follow, max-snippet:-1, max-image-preview:large, max-video-preview:-1\" \/>\n<link rel=\"canonical\" href=\"https:\/\/zero-gravite.ca\/en\/event\/talk-with-nathalie-fortin-from-4000-m-to-8848-m\/\" \/>\n<meta property=\"og:locale\" content=\"en_US\" \/>\n<meta property=\"og:type\" content=\"article\" \/>\n<meta property=\"og:title\" content=\"Talk with Nathalie Fortin : from 4000 m to 8848 m | Z\u00e9ro Gravit\u00e9\" \/>\n<meta property=\"og:description\" content=\"During this talk, Nathalie Fortin will share her experiences on various mountains around the world (Alaska, South America, France, Kyrgyzstan, Nepal, Pakistan, the Canadian Rockies, and Russia). She will discuss the unique challenges of climbing mountains at different altitudes, including the effects on the body, preparation, learning experiences, and more.\" \/>\n<meta property=\"og:url\" content=\"https:\/\/zero-gravite.ca\/en\/event\/talk-with-nathalie-fortin-from-4000-m-to-8848-m\/\" \/>\n<meta property=\"og:site_name\" content=\"Z\u00e9ro Gravit\u00e9\" \/>\n<meta property=\"article:publisher\" content=\"https:\/\/www.facebook.com\/0gravite\" \/>\n<meta property=\"og:image\" content=\"https:\/\/zero-gravite.ca\/wp-content\/uploads\/2024\/10\/Reseaux-sociaux-carre-scaled.jpg\" \/>\n\t<meta property=\"og:image:width\" content=\"2560\" \/>\n\t<meta property=\"og:image:height\" content=\"2560\" \/>\n\t<meta property=\"og:image:type\" content=\"image\/jpeg\" \/>\n<meta name=\"twitter:card\" content=\"summary_large_image\" \/>\n<meta name=\"twitter:label1\" content=\"Est. reading time\" \/>\n\t<meta name=\"twitter:data1\" content=\"2 minutes\" \/>\n<script type=\"application\/ld+json\" class=\"yoast-schema-graph\">{\"@context\":\"https:\/\/schema.org\",\"@graph\":[{\"@type\":\"WebPage\",\"@id\":\"https:\/\/zero-gravite.ca\/en\/event\/talk-with-nathalie-fortin-from-4000-m-to-8848-m\/\",\"url\":\"https:\/\/zero-gravite.ca\/en\/event\/talk-with-nathalie-fortin-from-4000-m-to-8848-m\/\",\"name\":\"Talk with Nathalie Fortin : from 4000 m to 8848 m | Z\u00e9ro Gravit\u00e9\",\"isPartOf\":{\"@id\":\"https:\/\/zero-gravite.ca\/en\/#website\"},\"primaryImageOfPage\":{\"@id\":\"https:\/\/zero-gravite.ca\/en\/event\/talk-with-nathalie-fortin-from-4000-m-to-8848-m\/#primaryimage\"},\"image\":{\"@id\":\"https:\/\/zero-gravite.ca\/en\/event\/talk-with-nathalie-fortin-from-4000-m-to-8848-m\/#primaryimage\"},\"thumbnailUrl\":\"https:\/\/zero-gravite.ca\/wp-content\/uploads\/2024\/10\/Reseaux-sociaux-carre-scaled.jpg\",\"datePublished\":\"2024-10-30T17:12:31+00:00\",\"dateModified\":\"2024-10-30T17:12:31+00:00\",\"description\":\"During this talk, Nathalie Fortin will share her experiences on various mountains around the world (Alaska, South America, France, Kyrgyzstan, Nepal, Pakistan, the Canadian Rockies, and Russia). She will discuss the unique challenges of climbing mountains at different altitudes, including the effects on the body, preparation, learning experiences, and more.\",\"breadcrumb\":{\"@id\":\"https:\/\/zero-gravite.ca\/en\/event\/talk-with-nathalie-fortin-from-4000-m-to-8848-m\/#breadcrumb\"},\"inLanguage\":\"en-US\",\"potentialAction\":[{\"@type\":\"ReadAction\",\"target\":[\"https:\/\/zero-gravite.ca\/en\/event\/talk-with-nathalie-fortin-from-4000-m-to-8848-m\/\"]}]},{\"@type\":\"ImageObject\",\"inLanguage\":\"en-US\",\"@id\":\"https:\/\/zero-gravite.ca\/en\/event\/talk-with-nathalie-fortin-from-4000-m-to-8848-m\/#primaryimage\",\"url\":\"https:\/\/zero-gravite.ca\/wp-content\/uploads\/2024\/10\/Reseaux-sociaux-carre-scaled.jpg\",\"contentUrl\":\"https:\/\/zero-gravite.ca\/wp-content\/uploads\/2024\/10\/Reseaux-sociaux-carre-scaled.jpg\",\"width\":2560,\"height\":2560,\"caption\":\"conf\u00e9rence causerie avec Nathalie Fortin \u00e0 Z\u00e9ro Gravit\u00e9 le 15 novembre alpinisme dry tooling escalade de glace\"},{\"@type\":\"BreadcrumbList\",\"@id\":\"https:\/\/zero-gravite.ca\/en\/event\/talk-with-nathalie-fortin-from-4000-m-to-8848-m\/#breadcrumb\",\"itemListElement\":[{\"@type\":\"ListItem\",\"position\":1,\"name\":\"Accueil\",\"item\":\"https:\/\/zero-gravite.ca\/en\/\"},{\"@type\":\"ListItem\",\"position\":2,\"name\":\"Events\",\"item\":\"https:\/\/zero-gravite.ca\/en\/events\/\"},{\"@type\":\"ListItem\",\"position\":3,\"name\":\"Talk with Nathalie Fortin : from 4000 m to 8848 m\"}]},{\"@type\":\"WebSite\",\"@id\":\"https:\/\/zero-gravite.ca\/en\/#website\",\"url\":\"https:\/\/zero-gravite.ca\/en\/\",\"name\":\"Z\u00e9ro Gravit\u00e9\",\"description\":\"Escalade et yoga au coeur de Montr\u00e9al\",\"publisher\":{\"@id\":\"https:\/\/zero-gravite.ca\/en\/#organization\"},\"potentialAction\":[{\"@type\":\"SearchAction\",\"target\":{\"@type\":\"EntryPoint\",\"urlTemplate\":\"https:\/\/zero-gravite.ca\/en\/?s={search_term_string}\"},\"query-input\":\"required name=search_term_string\"}],\"inLanguage\":\"en-US\"},{\"@type\":\"Organization\",\"@id\":\"https:\/\/zero-gravite.ca\/en\/#organization\",\"name\":\"Z\u00e9ro Gravit\u00e9 escalade & yoga\",\"url\":\"https:\/\/zero-gravite.ca\/en\/\",\"logo\":{\"@type\":\"ImageObject\",\"inLanguage\":\"en-US\",\"@id\":\"https:\/\/zero-gravite.ca\/en\/#\/schema\/logo\/image\/\",\"url\":\"https:\/\/zero-gravite.ca\/wp-content\/uploads\/2022\/02\/ZG_Logo_Classic_CMYK.png\",\"contentUrl\":\"https:\/\/zero-gravite.ca\/wp-content\/uploads\/2022\/02\/ZG_Logo_Classic_CMYK.png\",\"width\":1777,\"height\":1600,\"caption\":\"Z\u00e9ro Gravit\u00e9 escalade & yoga\"},\"image\":{\"@id\":\"https:\/\/zero-gravite.ca\/en\/#\/schema\/logo\/image\/\"},\"sameAs\":[\"https:\/\/www.facebook.com\/0gravite\",\"https:\/\/www.instagram.com\/zero.gravite\"]}]}<\/script>\n<!-- \/ Yoast SEO plugin. -->","yoast_head_json":{"title":"Talk with Nathalie Fortin : from 4000 m to 8848 m | Z\u00e9ro Gravit\u00e9","description":"During this talk, Nathalie Fortin will share her experiences on various mountains around the world (Alaska, South America, France, Kyrgyzstan, Nepal, Pakistan, the Canadian Rockies, and Russia). She will discuss the unique challenges of climbing mountains at different altitudes, including the effects on the body, preparation, learning experiences, and more.","robots":{"index":"index","follow":"follow","max-snippet":"max-snippet:-1","max-image-preview":"max-image-preview:large","max-video-preview":"max-video-preview:-1"},"canonical":"https:\/\/zero-gravite.ca\/en\/event\/talk-with-nathalie-fortin-from-4000-m-to-8848-m\/","og_locale":"en_US","og_type":"article","og_title":"Talk with Nathalie Fortin : from 4000 m to 8848 m | Z\u00e9ro Gravit\u00e9","og_description":"During this talk, Nathalie Fortin will share her experiences on various mountains around the world (Alaska, South America, France, Kyrgyzstan, Nepal, Pakistan, the Canadian Rockies, and Russia). She will discuss the unique challenges of climbing mountains at different altitudes, including the effects on the body, preparation, learning experiences, and more.","og_url":"https:\/\/zero-gravite.ca\/en\/event\/talk-with-nathalie-fortin-from-4000-m-to-8848-m\/","og_site_name":"Z\u00e9ro Gravit\u00e9","article_publisher":"https:\/\/www.facebook.com\/0gravite","og_image":[{"width":2560,"height":2560,"url":"https:\/\/zero-gravite.ca\/wp-content\/uploads\/2024\/10\/Reseaux-sociaux-carre-scaled.jpg","type":"image\/jpeg"}],"twitter_card":"summary_large_image","twitter_misc":{"Est. reading time":"2 minutes"},"schema":{"@context":"https:\/\/schema.org","@graph":[{"@type":"WebPage","@id":"https:\/\/zero-gravite.ca\/en\/event\/talk-with-nathalie-fortin-from-4000-m-to-8848-m\/","url":"https:\/\/zero-gravite.ca\/en\/event\/talk-with-nathalie-fortin-from-4000-m-to-8848-m\/","name":"Talk with Nathalie Fortin : from 4000 m to 8848 m | Z\u00e9ro Gravit\u00e9","isPartOf":{"@id":"https:\/\/zero-gravite.ca\/en\/#website"},"primaryImageOfPage":{"@id":"https:\/\/zero-gravite.ca\/en\/event\/talk-with-nathalie-fortin-from-4000-m-to-8848-m\/#primaryimage"},"image":{"@id":"https:\/\/zero-gravite.ca\/en\/event\/talk-with-nathalie-fortin-from-4000-m-to-8848-m\/#primaryimage"},"thumbnailUrl":"https:\/\/zero-gravite.ca\/wp-content\/uploads\/2024\/10\/Reseaux-sociaux-carre-scaled.jpg","datePublished":"2024-10-30T17:12:31+00:00","dateModified":"2024-10-30T17:12:31+00:00","description":"During this talk, Nathalie Fortin will share her experiences on various mountains around the world (Alaska, South America, France, Kyrgyzstan, Nepal, Pakistan, the Canadian Rockies, and Russia). She will discuss the unique challenges of climbing mountains at different altitudes, including the effects on the body, preparation, learning experiences, and more.","breadcrumb":{"@id":"https:\/\/zero-gravite.ca\/en\/event\/talk-with-nathalie-fortin-from-4000-m-to-8848-m\/#breadcrumb"},"inLanguage":"en-US","potentialAction":[{"@type":"ReadAction","target":["https:\/\/zero-gravite.ca\/en\/event\/talk-with-nathalie-fortin-from-4000-m-to-8848-m\/"]}]},{"@type":"ImageObject","inLanguage":"en-US","@id":"https:\/\/zero-gravite.ca\/en\/event\/talk-with-nathalie-fortin-from-4000-m-to-8848-m\/#primaryimage","url":"https:\/\/zero-gravite.ca\/wp-content\/uploads\/2024\/10\/Reseaux-sociaux-carre-scaled.jpg","contentUrl":"https:\/\/zero-gravite.ca\/wp-content\/uploads\/2024\/10\/Reseaux-sociaux-carre-scaled.jpg","width":2560,"height":2560,"caption":"conf\u00e9rence causerie avec Nathalie Fortin \u00e0 Z\u00e9ro Gravit\u00e9 le 15 novembre alpinisme dry tooling escalade de glace"},{"@type":"BreadcrumbList","@id":"https:\/\/zero-gravite.ca\/en\/event\/talk-with-nathalie-fortin-from-4000-m-to-8848-m\/#breadcrumb","itemListElement":[{"@type":"ListItem","position":1,"name":"Accueil","item":"https:\/\/zero-gravite.ca\/en\/"},{"@type":"ListItem","position":2,"name":"Events","item":"https:\/\/zero-gravite.ca\/en\/events\/"},{"@type":"ListItem","position":3,"name":"Talk with Nathalie Fortin : from 4000 m to 8848 m"}]},{"@type":"WebSite","@id":"https:\/\/zero-gravite.ca\/en\/#website","url":"https:\/\/zero-gravite.ca\/en\/","name":"Z\u00e9ro Gravit\u00e9","description":"Escalade et yoga au coeur de Montr\u00e9al","publisher":{"@id":"https:\/\/zero-gravite.ca\/en\/#organization"},"potentialAction":[{"@type":"SearchAction","target":{"@type":"EntryPoint","urlTemplate":"https:\/\/zero-gravite.ca\/en\/?s={search_term_string}"},"query-input":"required name=search_term_string"}],"inLanguage":"en-US"},{"@type":"Organization","@id":"https:\/\/zero-gravite.ca\/en\/#organization","name":"Z\u00e9ro Gravit\u00e9 escalade & yoga","url":"https:\/\/zero-gravite.ca\/en\/","logo":{"@type":"ImageObject","inLanguage":"en-US","@id":"https:\/\/zero-gravite.ca\/en\/#\/schema\/logo\/image\/","url":"https:\/\/zero-gravite.ca\/wp-content\/uploads\/2022\/02\/ZG_Logo_Classic_CMYK.png","contentUrl":"https:\/\/zero-gravite.ca\/wp-content\/uploads\/2022\/02\/ZG_Logo_Classic_CMYK.png","width":1777,"height":1600,"caption":"Z\u00e9ro Gravit\u00e9 escalade & yoga"},"image":{"@id":"https:\/\/zero-gravite.ca\/en\/#\/schema\/logo\/image\/"},"sameAs":["https:\/\/www.facebook.com\/0gravite","https:\/\/www.instagram.com\/zero.gravite"]}]}},"_links":{"self":[{"href":"https:\/\/zero-gravite.ca\/en\/wp-json\/wp\/v2\/tribe_events\/17606","targetHints":{"allow":["GET"]}}],"collection":[{"href":"https:\/\/zero-gravite.ca\/en\/wp-json\/wp\/v2\/tribe_events"}],"about":[{"href":"https:\/\/zero-gravite.ca\/en\/wp-json\/wp\/v2\/types\/tribe_events"}],"author":[{"embeddable":true,"href":"https:\/\/zero-gravite.ca\/en\/wp-json\/wp\/v2\/users\/23"}],"replies":[{"embeddable":true,"href":"https:\/\/zero-gravite.ca\/en\/wp-json\/wp\/v2\/comments?post=17606"}],"version-history":[{"count":1,"href":"https:\/\/zero-gravite.ca\/en\/wp-json\/wp\/v2\/tribe_events\/17606\/revisions"}],"predecessor-version":[{"id":17607,"href":"https:\/\/zero-gravite.ca\/en\/wp-json\/wp\/v2\/tribe_events\/17606\/revisions\/17607"}],"wp:featuredmedia":[{"embeddable":true,"href":"https:\/\/zero-gravite.ca\/en\/wp-json\/wp\/v2\/media\/17599"}],"wp:attachment":[{"href":"https:\/\/zero-gravite.ca\/en\/wp-json\/wp\/v2\/media?parent=17606"}],"wp:term":[{"taxonomy":"post_tag","embeddable":true,"href":"https:\/\/zero-gravite.ca\/en\/wp-json\/wp\/v2\/tags?post=17606"},{"taxonomy":"tribe_events_cat","embeddable":true,"href":"https:\/\/zero-gravite.ca\/en\/wp-json\/wp\/v2\/tribe_events_cat?post=17606"}],"curies":[{"name":"wp","href":"https:\/\/api.w.org\/{rel}","templated":true}]}}