{"id":18858,"date":"2025-04-08T11:59:58","date_gmt":"2025-04-08T15:59:58","guid":{"rendered":"https:\/\/zero-gravite.ca\/event\/tales-of-modern-alpinism-talk-with-vincent-landry\/"},"modified":"2025-04-08T12:04:53","modified_gmt":"2025-04-08T16:04:53","slug":"tales-of-modern-alpinism-talk-with-vincent-landry","status":"publish","type":"tribe_events","link":"https:\/\/zero-gravite.ca\/en\/event\/tales-of-modern-alpinism-talk-with-vincent-landry\/","title":{"rendered":"Tales of modern alpinism : talk with Vincent Landry"},"content":{"rendered":"<div  class=\"tribe-events-schedule tribe-clearfix\" >\n\t<h2 class=\"tribe-events-schedule__datetime\">\n\t\t<span class=\"tribe-events-schedule__date tribe-events-schedule__date--start\">\n\t\t\t2025-05-23\t\t<\/span>\n\n\t\t\t\t\t<span class=\"tribe-events-schedule__separator tribe-events-schedule__separator--date\">\n\t\t\t\t @ \t\t\t<\/span>\n\t\t\t<span class=\"tribe-events-schedule__time tribe-events-schedule__time--start\">\n\t\t\t\t19:30\t\t\t<\/span>\n\t\t\n\t\t\t\t\t\t\t\t\t<span class=\"tribe-events-schedule__separator tribe-events-schedule__separator--time\">\n\t\t\t\t\t &#8211; \t\t\t\t<\/span>\n\t\t\t\n\t\t\t\t\t\t\t<span class=\"tribe-events-schedule__time tribe-events-schedule__time--end\">\n\t\t\t\t\t21:30\t\t\t\t<\/span>\n\t\t\t\n\t\t\t\t\t\t<\/h2>\n<\/div>\n\n<div class=\"wp-block-columns is-layout-flex wp-container-core-columns-is-layout-28f84493 wp-block-columns-is-layout-flex\">\n<div class=\"wp-block-column is-layout-flow wp-block-column-is-layout-flow\" style=\"flex-basis:66.66%\">\n<p>Conference presentation: Vincent Landry&#8217;s mountaineering is a balance between total commitment and humility. Whether on the Grandes Jorasses in winter or on the Denali on skis, each expedition is a challenge where performance counts, but where the mountain imposes its own rules. Through these adventures, he will share a vision where surpassing oneself and respecting the environment go hand in hand.  <\/p>\n\n\n\n<p><strong>Speaker presentation <\/strong><\/p>\n\n\n\n<p>A former cross-country ski athlete, Vincent Landry was fortunate enough to train at the Centre national d&#8217;entra\u00eenement Pierre-Harvey. He also competed at an international level in ski mountaineering. After his skiing career, he crossed America and Europe on solo, completely autonomous expeditions, covering several thousand kilometers on foot and on skis. A lifelong climbing enthusiast, he now devote himself fully to mountaineering, exploring the greatest challenges the mountains have to offer.   <\/p>\n\n\n\n<p>Follow Vincent Landry : <a href=\"https:\/\/www.instagram.com\/landryvincent\/\">@landryvincent<\/a><\/p>\n<\/div>\n\n\n\n<div class=\"wp-block-column is-layout-flow wp-block-column-is-layout-flow\" style=\"flex-basis:33.33%\">\n<figure class=\"wp-block-image size-large is-resized\"><img fetchpriority=\"high\" decoding=\"async\" width=\"819\" height=\"1024\" src=\"https:\/\/zero-gravite.ca\/wp-content\/uploads\/2025\/04\/reseaux-sociaux-web-819x1024.jpg\" alt=\"conf&#xE9;rence causerie avec Vincent Landry recit d'alpinisme moderne travers&#xE9;e des Grandes Jorasses\" class=\"wp-image-18853\" style=\"width:375px;height:auto\" srcset=\"https:\/\/zero-gravite.ca\/wp-content\/uploads\/2025\/04\/reseaux-sociaux-web-819x1024.jpg 819w, https:\/\/zero-gravite.ca\/wp-content\/uploads\/2025\/04\/reseaux-sociaux-web-240x300.jpg 240w, https:\/\/zero-gravite.ca\/wp-content\/uploads\/2025\/04\/reseaux-sociaux-web-768x960.jpg 768w, https:\/\/zero-gravite.ca\/wp-content\/uploads\/2025\/04\/reseaux-sociaux-web.jpg 1080w\" sizes=\"(max-width: 819px) 100vw, 819px\" \/><\/figure>\n<\/div>\n<\/div>\n<div  class=\"tribe-block tribe-block__event-price\" >\n\t\t\t<span class=\"tribe-block__event-price__cost\"> Free <\/span>\n\t\t\t\t<span class=\"tribe-block__event-price__description\">sur r\u00e9servation<\/span>\n\t<\/div>\n<div  class=\"tribe-block tribe-block__event-website\" >\n\t<a\n\t\thref=\"https:\/\/app.rockgympro.com\/b\/?bo=eaa1d80e690e4747968122363c8af6a5&#038;lcg=b760dd1fd9ae3437e56ae14a5cb0d0c2b635deab\"\n\t\ttarget=\"_self\"\n\t\t\t>\n\t\tR\u00e9servation recommand\u00e9e\t<\/a>\n<\/div>\n<div  class=\"tribe-block tribe-block__venue tribe-clearfix tribe-block__venue--has-map\" >\n\t\n\t\n<div class=\"tribe-block__venue__meta\">\n\t<div class=\"tribe-block__venue__name\">\n\t\t<h3>Z\u00e9ro Gravit\u00e9 escalade &#038; yoga<\/h3>\n\t<\/div>\n\n\t\n\t\t\t<address class=\"tribe-block__venue__address\">\n\t\t\t<span class=\"tribe-address\">\n\n<span class=\"tribe-street-address\">4519 Papineau<\/span>\n\t\n\t\t<br>\n\t\t<span class=\"tribe-locality\">Montreal<\/span><span class=\"tribe-delimiter\">,<\/span>\n\n\t<abbr class=\"tribe-region tribe-events-abbr\" title=\"QC\">QC<\/abbr>\n\n\t<span class=\"tribe-postal-code\">H2H1V4<\/span>\n\n\n<\/span>\n\n\t\t\t\t\t\t\t<a class=\"tribe-events-gmap\" href=\"https:\/\/maps.google.com\/maps?f=q&#038;source=s_q&#038;hl=en&#038;geocode=&#038;q=4519+Papineau+Montreal+QC+H2H1V4\" title=\"Click to view a Google Map\" target=\"_blank\" rel=\"noreferrer noopener\">+ Google Map<\/a>\t\t\t\t\t<\/address>\n\t\n\t\n\t\t\t<span class=\"tribe-block__venue__website\"><a href=\"https:\/\/zero-gravite.ca\" target=\"_self\" rel=\"external\">View Venue Website<\/a><\/span><br \/>\n\t\n\t<\/div>\n\t\n<div class=\"tribe-block__venue__map\">\n\t\n<iframe\n  title=\"Google maps iframe displaying the address to Z\u00e9ro Gravit\u00e9 escalade &#038; yoga\"\n  aria-label=\"Venue location map\"\n  width=\"310px\"\n  height=\"256px\"\n  frameborder=\"0\" style=\"border:0\"\n  src=\"https:\/\/www.google.com\/maps\/embed\/v1\/place?key=AIzaSyDNsicAsP6-VuGtAb1O9riI3oc_NOb7IOU&#038;q=4519+Papineau+Montreal+QC+QC+H2H1V4+&#038;zoom=10\" allowfullscreen>\n<\/iframe>\n<\/div>\n\n\t<\/div>\n\n<p><strong>What are the talks at Z\u00e9ro Gravit\u00e9 ?<\/strong><\/p>\n\n<p>Des moments de r\u00e9cit, des partages de connaissance, d\u2019histoires et d\u2019explorations, les conf\u00e9rences causerie reviennent \u00e0 Z\u00e9ro Gravit\u00e9 un vendredi par mois. Un temps d\u2019\u00e9coute, puis un temps de discussion autour du sujet choisis, toutes et tous \u00eates les bienvenus dans le studio de yoga de Z\u00e9ro Gravit\u00e9. Gratuit sur r\u00e9servation.<\/p>\n\t<div  class=\"tribe-block tribe-block__events-link\" >\n\t\t<div class=\"tribe-events tribe-common\">\n\t\t\t<div class=\"tribe-events-c-subscribe-dropdown__container\">\n\t\t\t\t<div class=\"tribe-events-c-subscribe-dropdown\">\n\t\t\t\t\t<div class=\"tribe-common-c-btn-border tribe-events-c-subscribe-dropdown__button\">\n\t\t\t\t\t\t<svg  class=\"tribe-common-c-svgicon tribe-common-c-svgicon--cal-export tribe-events-c-subscribe-dropdown__export-icon\"  viewBox=\"0 0 23 17\" xmlns=\"http:\/\/www.w3.org\/2000\/svg\">\n  <path fill-rule=\"evenodd\" clip-rule=\"evenodd\" d=\"M.128.896V16.13c0 .211.145.383.323.383h15.354c.179 0 .323-.172.323-.383V.896c0-.212-.144-.383-.323-.383H.451C.273.513.128.684.128.896Zm16 6.742h-.901V4.679H1.009v10.729h14.218v-3.336h.901V7.638ZM1.01 1.614h14.218v2.058H1.009V1.614Z\" \/>\n  <path d=\"M20.5 9.846H8.312M18.524 6.953l2.89 2.909-2.855 2.855\" stroke-width=\"1.2\" stroke-linecap=\"round\" stroke-linejoin=\"round\"\/>\n<\/svg>\n\t\t\t\t\t\t<button\n\t\t\t\t\t\t\tclass=\"tribe-events-c-subscribe-dropdown__button-text\"\n\t\t\t\t\t\t\taria-expanded=\"false\"\n\t\t\t\t\t\t\taria-controls=\"tribe-events-subscribe-dropdown-content\"\n\t\t\t\t\t\t\taria-label=\"\"\n\t\t\t\t\t\t>\n\t\t\t\t\t\t\tAdd to calendar\t\t\t\t\t\t<\/button>\n\t\t\t\t\t\t<svg  class=\"tribe-common-c-svgicon tribe-common-c-svgicon--caret-down tribe-events-c-subscribe-dropdown__button-icon\"  viewBox=\"0 0 10 7\" xmlns=\"http:\/\/www.w3.org\/2000\/svg\" aria-hidden=\"true\"><path fill-rule=\"evenodd\" clip-rule=\"evenodd\" d=\"M1.008.609L5 4.6 8.992.61l.958.958L5 6.517.05 1.566l.958-.958z\" class=\"tribe-common-c-svgicon__svg-fill\"\/><\/svg>\n\t\t\t\t\t<\/div>\n\t\t\t\t\t<div id=\"tribe-events-subscribe-dropdown-content\" class=\"tribe-events-c-subscribe-dropdown__content\">\n\t\t\t\t\t\t<ul class=\"tribe-events-c-subscribe-dropdown__list\">\n\t\t\t\t\t\t\t\t\t\t\t\t\t\t\t<li class=\"tribe-events-c-subscribe-dropdown__list-item\">\n\t\t\t\t\t\t\t\t\t<a\n\t\t\t\t\t\t\t\t\t\thref=\"https:\/\/www.google.com\/calendar\/event?action=TEMPLATE&#038;dates=20250523T193000\/20250523T213000&#038;text=Tales%20of%20modern%20alpinism%20%3A%20talk%20with%20Vincent%20Landry&#038;details=%3Cdiv+class%3D%22wp-block-columns%22%3E%3Cdiv+class%3D%22wp-block-column%22+style%3D%22flex-basis%3A66.66%25%22%3E%3Cp%3EConference+presentation%3A+Vincent+Landry%27s+mountaineering+is+a+balance+between+total+commitment+and+humility.+Whether+on+the+Grandes+Jorasses+in+winter+or+on+the+Denali+on+skis%2C+each+expedition+is+a+challenge+where+performance+counts%2C+but+where+the+mountain+imposes+its+own+rules.+Through+these+adventures%2C+he+will+share+a+vision+where+surpassing+oneself+and+respecting+the+environment+go+hand+in+hand.++%3C%2Fp%3E+%3Cp%3E%3Cstrong%3ESpeaker+presentation+%3C%2Fstrong%3E%3C%2Fp%3E+%3Cp%3EA+former+cross-country+ski+athlete%2C+Vincent+Landry+was+fortunate+enough+to+train+at+the+Centre+national+d%27entra%C3%AEnement+Pierre-Harvey.+He+also+competed+at+an+international+level+in+ski+mountaineering.+After+his+skiing+career%2C+he+crossed+America+and+Europe+on+solo%2C+completely+autonomous+expeditions%2C+covering+several+thousand+kilometers+on+foot+and+on+skis.+A+lifelong+climbing+enthusiast%2C+he+now+devote+himself+fully+to+mountaineering%2C+exp%3C%2Fp%3E%3C%2Fdiv%3E%3C%2Fdiv%3E+%28View+Full+event+Description+Here%3A+https%3A%2F%2Fzero-gravite.ca%2Fen%2Fevent%2Ftales-of-modern-alpinism-talk-with-vincent-landry%2F%29&#038;location=Z\u00e9ro%20Gravit\u00e9%20escalade%20&#038;%20yoga,%204519%20Papineau,%20Montreal,%20QC,%20H2H1V4&#038;trp=false&#038;ctz=America\/New_York&#038;sprop=website:https:\/\/zero-gravite.ca\/en\/\"\n\t\t\t\t\t\t\t\t\t\tclass=\"tribe-events-c-subscribe-dropdown__list-item-link\"\n\t\t\t\t\t\t\t\t\t\ttarget=\"_blank\"\n\t\t\t\t\t\t\t\t\t\trel=\"noopener noreferrer nofollow noindex\"\n\t\t\t\t\t\t\t\t\t>\n\t\t\t\t\t\t\t\t\t\tGoogle Calendar\t\t\t\t\t\t\t\t\t<\/a>\n\t\t\t\t\t\t\t\t<\/li>\n\t\t\t\t\t\t\t\t\t\t\t\t\t\t\t<li class=\"tribe-events-c-subscribe-dropdown__list-item\">\n\t\t\t\t\t\t\t\t\t<a\n\t\t\t\t\t\t\t\t\t\thref=\"\"\n\t\t\t\t\t\t\t\t\t\tclass=\"tribe-events-c-subscribe-dropdown__list-item-link\"\n\t\t\t\t\t\t\t\t\t\ttarget=\"_blank\"\n\t\t\t\t\t\t\t\t\t\trel=\"noopener noreferrer nofollow noindex\"\n\t\t\t\t\t\t\t\t\t>\n\t\t\t\t\t\t\t\t\t\tiCalendar\t\t\t\t\t\t\t\t\t<\/a>\n\t\t\t\t\t\t\t\t<\/li>\n\t\t\t\t\t\t\t\t\t\t\t\t\t\t\t<li class=\"tribe-events-c-subscribe-dropdown__list-item\">\n\t\t\t\t\t\t\t\t\t<a\n\t\t\t\t\t\t\t\t\t\thref=\"\"\n\t\t\t\t\t\t\t\t\t\tclass=\"tribe-events-c-subscribe-dropdown__list-item-link\"\n\t\t\t\t\t\t\t\t\t\ttarget=\"_blank\"\n\t\t\t\t\t\t\t\t\t\trel=\"noopener noreferrer nofollow noindex\"\n\t\t\t\t\t\t\t\t\t>\n\t\t\t\t\t\t\t\t\t\tOutlook 365\t\t\t\t\t\t\t\t\t<\/a>\n\t\t\t\t\t\t\t\t<\/li>\n\t\t\t\t\t\t\t\t\t\t\t\t\t\t\t<li class=\"tribe-events-c-subscribe-dropdown__list-item\">\n\t\t\t\t\t\t\t\t\t<a\n\t\t\t\t\t\t\t\t\t\thref=\"\"\n\t\t\t\t\t\t\t\t\t\tclass=\"tribe-events-c-subscribe-dropdown__list-item-link\"\n\t\t\t\t\t\t\t\t\t\ttarget=\"_blank\"\n\t\t\t\t\t\t\t\t\t\trel=\"noopener noreferrer nofollow noindex\"\n\t\t\t\t\t\t\t\t\t>\n\t\t\t\t\t\t\t\t\t\tOutlook Live\t\t\t\t\t\t\t\t\t<\/a>\n\t\t\t\t\t\t\t\t<\/li>\n\t\t\t\t\t\t\t\t\t\t\t\t\t<\/ul>\n\t\t\t\t\t<\/div>\n\t\t\t\t<\/div>\n\t\t\t<\/div>\n\t\t<\/div>\n\t<\/div>\n\n\n<p><\/p>\n","protected":false},"excerpt":{"rendered":"<p>Conference presentation: Vincent Landry&#8217;s mountaineering is a balance between total commitment and humility. Whether on the Grandes Jorasses in winter or on the Denali on skis, each expedition is a challenge where performance counts, but where the mountain imposes its own rules. Through these adventures, he will share a vision where surpassing oneself and respecting the environment go hand in hand.  <\/p>\n","protected":false},"author":23,"featured_media":18854,"comment_status":"closed","ping_status":"closed","template":"","meta":{"_mo_disable_npp":"","site-sidebar-layout":"default","site-content-layout":"default","ast-global-header-display":"","ast-main-header-display":"","ast-hfb-above-header-display":"","ast-hfb-below-header-display":"","ast-hfb-mobile-header-display":"","site-post-title":"","ast-breadcrumbs-content":"","ast-featured-img":"","footer-sml-layout":"","theme-transparent-header-meta":"","adv-header-id-meta":"","stick-header-meta":"","header-above-stick-meta":"","header-main-stick-meta":"","header-below-stick-meta":"","_EventAllDay":false,"_EventTimezone":"America\/New_York","_EventStartDate":"2025-05-23 19:30:00","_EventEndDate":"2025-05-23 21:30:00","_EventStartDateUTC":"2025-05-23 23:30:00","_EventEndDateUTC":"2025-05-24 01:30:00","_EventShowMap":false,"_EventShowMapLink":false,"_EventURL":"https:\/\/app.rockgympro.com\/b\/?bo=eaa1d80e690e4747968122363c8af6a5&lcg=b760dd1fd9ae3437e56ae14a5cb0d0c2b635deab","_EventCost":"Free","_EventCostDescription":"","_EventCurrencySymbol":"","_EventCurrencyCode":"","_EventCurrencyPosition":"","_EventDateTimeSeparator":"","_EventTimeRangeSeparator":"","_EventOrganizerID":[],"_EventVenueID":[14637],"_OrganizerEmail":"","_OrganizerPhone":"","_OrganizerWebsite":"","_VenueAddress":"","_VenueCity":"","_VenueCountry":"","_VenueProvince":"","_VenueState":"","_VenueZip":"","_VenuePhone":"","_VenueURL":"","_VenueStateProvince":"","_VenueLat":"","_VenueLng":"","_VenueShowMap":false,"_VenueShowMapLink":false,"_tribe_events_status":"","_tribe_events_status_reason":"","footnotes":""},"tags":[553,278,559],"tribe_events_cat":[541],"class_list":["post-18858","tribe_events","type-tribe_events","status-publish","has-post-thumbnail","hentry","tag-alpinism","tag-montreal-en","tag-talk","tribe_events_cat-talk","cat_talk"],"yoast_head":"<!-- This site is optimized with the Yoast SEO plugin v22.7 - https:\/\/yoast.com\/wordpress\/plugins\/seo\/ -->\n<title>Tales of modern alpinism : talk with Vincent Landry | Z\u00e9ro Gravit\u00e9<\/title>\n<meta name=\"description\" content=\"Conference presentation: Vincent Landry&#039;s mountaineering is a balance between total commitment and humility. Whether on the Grandes Jorasses in winter or on the Denali on skis, each expedition is a challenge where performance counts, but where the mountain imposes its own rules. Through these adventures, he will share a vision where surpassing oneself and respecting the environment go hand in hand.\" \/>\n<meta name=\"robots\" content=\"index, follow, max-snippet:-1, max-image-preview:large, max-video-preview:-1\" \/>\n<link rel=\"canonical\" href=\"https:\/\/zero-gravite.ca\/en\/event\/tales-of-modern-alpinism-talk-with-vincent-landry\/\" \/>\n<meta property=\"og:locale\" content=\"en_US\" \/>\n<meta property=\"og:type\" content=\"article\" \/>\n<meta property=\"og:title\" content=\"Tales of modern alpinism : talk with Vincent Landry | Z\u00e9ro Gravit\u00e9\" \/>\n<meta property=\"og:description\" content=\"Conference presentation: Vincent Landry&#039;s mountaineering is a balance between total commitment and humility. Whether on the Grandes Jorasses in winter or on the Denali on skis, each expedition is a challenge where performance counts, but where the mountain imposes its own rules. Through these adventures, he will share a vision where surpassing oneself and respecting the environment go hand in hand.\" \/>\n<meta property=\"og:url\" content=\"https:\/\/zero-gravite.ca\/en\/event\/tales-of-modern-alpinism-talk-with-vincent-landry\/\" \/>\n<meta property=\"og:site_name\" content=\"Z\u00e9ro Gravit\u00e9\" \/>\n<meta property=\"article:publisher\" content=\"https:\/\/www.facebook.com\/0gravite\" \/>\n<meta property=\"article:modified_time\" content=\"2025-04-08T16:04:53+00:00\" \/>\n<meta property=\"og:image\" content=\"https:\/\/zero-gravite.ca\/wp-content\/uploads\/2025\/04\/reseaux-sociaux-web.jpg\" \/>\n\t<meta property=\"og:image:width\" content=\"1080\" \/>\n\t<meta property=\"og:image:height\" content=\"1350\" \/>\n\t<meta property=\"og:image:type\" content=\"image\/jpeg\" \/>\n<meta name=\"twitter:card\" content=\"summary_large_image\" \/>\n<meta name=\"twitter:label1\" content=\"Est. reading time\" \/>\n\t<meta name=\"twitter:data1\" content=\"1 minute\" \/>\n<script type=\"application\/ld+json\" class=\"yoast-schema-graph\">{\"@context\":\"https:\/\/schema.org\",\"@graph\":[{\"@type\":\"WebPage\",\"@id\":\"https:\/\/zero-gravite.ca\/en\/event\/tales-of-modern-alpinism-talk-with-vincent-landry\/\",\"url\":\"https:\/\/zero-gravite.ca\/en\/event\/tales-of-modern-alpinism-talk-with-vincent-landry\/\",\"name\":\"Tales of modern alpinism : talk with Vincent Landry | Z\u00e9ro Gravit\u00e9\",\"isPartOf\":{\"@id\":\"https:\/\/zero-gravite.ca\/en\/#website\"},\"primaryImageOfPage\":{\"@id\":\"https:\/\/zero-gravite.ca\/en\/event\/tales-of-modern-alpinism-talk-with-vincent-landry\/#primaryimage\"},\"image\":{\"@id\":\"https:\/\/zero-gravite.ca\/en\/event\/tales-of-modern-alpinism-talk-with-vincent-landry\/#primaryimage\"},\"thumbnailUrl\":\"https:\/\/zero-gravite.ca\/wp-content\/uploads\/2025\/04\/reseaux-sociaux-web.jpg\",\"datePublished\":\"2025-04-08T15:59:58+00:00\",\"dateModified\":\"2025-04-08T16:04:53+00:00\",\"description\":\"Conference presentation: Vincent Landry's mountaineering is a balance between total commitment and humility. Whether on the Grandes Jorasses in winter or on the Denali on skis, each expedition is a challenge where performance counts, but where the mountain imposes its own rules. Through these adventures, he will share a vision where surpassing oneself and respecting the environment go hand in hand.\",\"breadcrumb\":{\"@id\":\"https:\/\/zero-gravite.ca\/en\/event\/tales-of-modern-alpinism-talk-with-vincent-landry\/#breadcrumb\"},\"inLanguage\":\"en-US\",\"potentialAction\":[{\"@type\":\"ReadAction\",\"target\":[\"https:\/\/zero-gravite.ca\/en\/event\/tales-of-modern-alpinism-talk-with-vincent-landry\/\"]}]},{\"@type\":\"ImageObject\",\"inLanguage\":\"en-US\",\"@id\":\"https:\/\/zero-gravite.ca\/en\/event\/tales-of-modern-alpinism-talk-with-vincent-landry\/#primaryimage\",\"url\":\"https:\/\/zero-gravite.ca\/wp-content\/uploads\/2025\/04\/reseaux-sociaux-web.jpg\",\"contentUrl\":\"https:\/\/zero-gravite.ca\/wp-content\/uploads\/2025\/04\/reseaux-sociaux-web.jpg\",\"width\":1080,\"height\":1350,\"caption\":\"conf\u00e9rence causerie avec Vincent Landry recit d'alpinisme moderne\"},{\"@type\":\"BreadcrumbList\",\"@id\":\"https:\/\/zero-gravite.ca\/en\/event\/tales-of-modern-alpinism-talk-with-vincent-landry\/#breadcrumb\",\"itemListElement\":[{\"@type\":\"ListItem\",\"position\":1,\"name\":\"Accueil\",\"item\":\"https:\/\/zero-gravite.ca\/en\/\"},{\"@type\":\"ListItem\",\"position\":2,\"name\":\"Events\",\"item\":\"https:\/\/zero-gravite.ca\/en\/events\/\"},{\"@type\":\"ListItem\",\"position\":3,\"name\":\"Tales of modern alpinism : talk with Vincent Landry\"}]},{\"@type\":\"WebSite\",\"@id\":\"https:\/\/zero-gravite.ca\/en\/#website\",\"url\":\"https:\/\/zero-gravite.ca\/en\/\",\"name\":\"Z\u00e9ro Gravit\u00e9\",\"description\":\"Escalade et yoga au coeur de Montr\u00e9al\",\"publisher\":{\"@id\":\"https:\/\/zero-gravite.ca\/en\/#organization\"},\"potentialAction\":[{\"@type\":\"SearchAction\",\"target\":{\"@type\":\"EntryPoint\",\"urlTemplate\":\"https:\/\/zero-gravite.ca\/en\/?s={search_term_string}\"},\"query-input\":\"required name=search_term_string\"}],\"inLanguage\":\"en-US\"},{\"@type\":\"Organization\",\"@id\":\"https:\/\/zero-gravite.ca\/en\/#organization\",\"name\":\"Z\u00e9ro Gravit\u00e9 escalade & yoga\",\"url\":\"https:\/\/zero-gravite.ca\/en\/\",\"logo\":{\"@type\":\"ImageObject\",\"inLanguage\":\"en-US\",\"@id\":\"https:\/\/zero-gravite.ca\/en\/#\/schema\/logo\/image\/\",\"url\":\"https:\/\/zero-gravite.ca\/wp-content\/uploads\/2022\/02\/ZG_Logo_Classic_CMYK.png\",\"contentUrl\":\"https:\/\/zero-gravite.ca\/wp-content\/uploads\/2022\/02\/ZG_Logo_Classic_CMYK.png\",\"width\":1777,\"height\":1600,\"caption\":\"Z\u00e9ro Gravit\u00e9 escalade & yoga\"},\"image\":{\"@id\":\"https:\/\/zero-gravite.ca\/en\/#\/schema\/logo\/image\/\"},\"sameAs\":[\"https:\/\/www.facebook.com\/0gravite\",\"https:\/\/www.instagram.com\/zero.gravite\"]}]}<\/script>\n<!-- \/ Yoast SEO plugin. -->","yoast_head_json":{"title":"Tales of modern alpinism : talk with Vincent Landry | Z\u00e9ro Gravit\u00e9","description":"Conference presentation: Vincent Landry's mountaineering is a balance between total commitment and humility. Whether on the Grandes Jorasses in winter or on the Denali on skis, each expedition is a challenge where performance counts, but where the mountain imposes its own rules. Through these adventures, he will share a vision where surpassing oneself and respecting the environment go hand in hand.","robots":{"index":"index","follow":"follow","max-snippet":"max-snippet:-1","max-image-preview":"max-image-preview:large","max-video-preview":"max-video-preview:-1"},"canonical":"https:\/\/zero-gravite.ca\/en\/event\/tales-of-modern-alpinism-talk-with-vincent-landry\/","og_locale":"en_US","og_type":"article","og_title":"Tales of modern alpinism : talk with Vincent Landry | Z\u00e9ro Gravit\u00e9","og_description":"Conference presentation: Vincent Landry's mountaineering is a balance between total commitment and humility. Whether on the Grandes Jorasses in winter or on the Denali on skis, each expedition is a challenge where performance counts, but where the mountain imposes its own rules. Through these adventures, he will share a vision where surpassing oneself and respecting the environment go hand in hand.","og_url":"https:\/\/zero-gravite.ca\/en\/event\/tales-of-modern-alpinism-talk-with-vincent-landry\/","og_site_name":"Z\u00e9ro Gravit\u00e9","article_publisher":"https:\/\/www.facebook.com\/0gravite","article_modified_time":"2025-04-08T16:04:53+00:00","og_image":[{"width":1080,"height":1350,"url":"https:\/\/zero-gravite.ca\/wp-content\/uploads\/2025\/04\/reseaux-sociaux-web.jpg","type":"image\/jpeg"}],"twitter_card":"summary_large_image","twitter_misc":{"Est. reading time":"1 minute"},"schema":{"@context":"https:\/\/schema.org","@graph":[{"@type":"WebPage","@id":"https:\/\/zero-gravite.ca\/en\/event\/tales-of-modern-alpinism-talk-with-vincent-landry\/","url":"https:\/\/zero-gravite.ca\/en\/event\/tales-of-modern-alpinism-talk-with-vincent-landry\/","name":"Tales of modern alpinism : talk with Vincent Landry | Z\u00e9ro Gravit\u00e9","isPartOf":{"@id":"https:\/\/zero-gravite.ca\/en\/#website"},"primaryImageOfPage":{"@id":"https:\/\/zero-gravite.ca\/en\/event\/tales-of-modern-alpinism-talk-with-vincent-landry\/#primaryimage"},"image":{"@id":"https:\/\/zero-gravite.ca\/en\/event\/tales-of-modern-alpinism-talk-with-vincent-landry\/#primaryimage"},"thumbnailUrl":"https:\/\/zero-gravite.ca\/wp-content\/uploads\/2025\/04\/reseaux-sociaux-web.jpg","datePublished":"2025-04-08T15:59:58+00:00","dateModified":"2025-04-08T16:04:53+00:00","description":"Conference presentation: Vincent Landry's mountaineering is a balance between total commitment and humility. Whether on the Grandes Jorasses in winter or on the Denali on skis, each expedition is a challenge where performance counts, but where the mountain imposes its own rules. Through these adventures, he will share a vision where surpassing oneself and respecting the environment go hand in hand.","breadcrumb":{"@id":"https:\/\/zero-gravite.ca\/en\/event\/tales-of-modern-alpinism-talk-with-vincent-landry\/#breadcrumb"},"inLanguage":"en-US","potentialAction":[{"@type":"ReadAction","target":["https:\/\/zero-gravite.ca\/en\/event\/tales-of-modern-alpinism-talk-with-vincent-landry\/"]}]},{"@type":"ImageObject","inLanguage":"en-US","@id":"https:\/\/zero-gravite.ca\/en\/event\/tales-of-modern-alpinism-talk-with-vincent-landry\/#primaryimage","url":"https:\/\/zero-gravite.ca\/wp-content\/uploads\/2025\/04\/reseaux-sociaux-web.jpg","contentUrl":"https:\/\/zero-gravite.ca\/wp-content\/uploads\/2025\/04\/reseaux-sociaux-web.jpg","width":1080,"height":1350,"caption":"conf\u00e9rence causerie avec Vincent Landry recit d'alpinisme moderne"},{"@type":"BreadcrumbList","@id":"https:\/\/zero-gravite.ca\/en\/event\/tales-of-modern-alpinism-talk-with-vincent-landry\/#breadcrumb","itemListElement":[{"@type":"ListItem","position":1,"name":"Accueil","item":"https:\/\/zero-gravite.ca\/en\/"},{"@type":"ListItem","position":2,"name":"Events","item":"https:\/\/zero-gravite.ca\/en\/events\/"},{"@type":"ListItem","position":3,"name":"Tales of modern alpinism : talk with Vincent Landry"}]},{"@type":"WebSite","@id":"https:\/\/zero-gravite.ca\/en\/#website","url":"https:\/\/zero-gravite.ca\/en\/","name":"Z\u00e9ro Gravit\u00e9","description":"Escalade et yoga au coeur de Montr\u00e9al","publisher":{"@id":"https:\/\/zero-gravite.ca\/en\/#organization"},"potentialAction":[{"@type":"SearchAction","target":{"@type":"EntryPoint","urlTemplate":"https:\/\/zero-gravite.ca\/en\/?s={search_term_string}"},"query-input":"required name=search_term_string"}],"inLanguage":"en-US"},{"@type":"Organization","@id":"https:\/\/zero-gravite.ca\/en\/#organization","name":"Z\u00e9ro Gravit\u00e9 escalade & yoga","url":"https:\/\/zero-gravite.ca\/en\/","logo":{"@type":"ImageObject","inLanguage":"en-US","@id":"https:\/\/zero-gravite.ca\/en\/#\/schema\/logo\/image\/","url":"https:\/\/zero-gravite.ca\/wp-content\/uploads\/2022\/02\/ZG_Logo_Classic_CMYK.png","contentUrl":"https:\/\/zero-gravite.ca\/wp-content\/uploads\/2022\/02\/ZG_Logo_Classic_CMYK.png","width":1777,"height":1600,"caption":"Z\u00e9ro Gravit\u00e9 escalade & yoga"},"image":{"@id":"https:\/\/zero-gravite.ca\/en\/#\/schema\/logo\/image\/"},"sameAs":["https:\/\/www.facebook.com\/0gravite","https:\/\/www.instagram.com\/zero.gravite"]}]}},"_links":{"self":[{"href":"https:\/\/zero-gravite.ca\/en\/wp-json\/wp\/v2\/tribe_events\/18858","targetHints":{"allow":["GET"]}}],"collection":[{"href":"https:\/\/zero-gravite.ca\/en\/wp-json\/wp\/v2\/tribe_events"}],"about":[{"href":"https:\/\/zero-gravite.ca\/en\/wp-json\/wp\/v2\/types\/tribe_events"}],"author":[{"embeddable":true,"href":"https:\/\/zero-gravite.ca\/en\/wp-json\/wp\/v2\/users\/23"}],"replies":[{"embeddable":true,"href":"https:\/\/zero-gravite.ca\/en\/wp-json\/wp\/v2\/comments?post=18858"}],"version-history":[{"count":2,"href":"https:\/\/zero-gravite.ca\/en\/wp-json\/wp\/v2\/tribe_events\/18858\/revisions"}],"predecessor-version":[{"id":18861,"href":"https:\/\/zero-gravite.ca\/en\/wp-json\/wp\/v2\/tribe_events\/18858\/revisions\/18861"}],"wp:featuredmedia":[{"embeddable":true,"href":"https:\/\/zero-gravite.ca\/en\/wp-json\/wp\/v2\/media\/18854"}],"wp:attachment":[{"href":"https:\/\/zero-gravite.ca\/en\/wp-json\/wp\/v2\/media?parent=18858"}],"wp:term":[{"taxonomy":"post_tag","embeddable":true,"href":"https:\/\/zero-gravite.ca\/en\/wp-json\/wp\/v2\/tags?post=18858"},{"taxonomy":"tribe_events_cat","embeddable":true,"href":"https:\/\/zero-gravite.ca\/en\/wp-json\/wp\/v2\/tribe_events_cat?post=18858"}],"curies":[{"name":"wp","href":"https:\/\/api.w.org\/{rel}","templated":true}]}}