{"id":19370,"date":"2025-05-16T12:58:42","date_gmt":"2025-05-16T16:58:42","guid":{"rendered":"https:\/\/zero-gravite.ca\/event\/climbing-and-yoga-retreat-in-val-david\/"},"modified":"2025-05-27T17:51:28","modified_gmt":"2025-05-27T21:51:28","slug":"climbing-and-yoga-retreat-in-val-david","status":"publish","type":"tribe_events","link":"https:\/\/zero-gravite.ca\/en\/event\/climbing-and-yoga-retreat-in-val-david\/","title":{"rendered":"Climbing and Yoga Retreat in Val-David"},"content":{"rendered":"<div  class=\"tribe-events-schedule tribe-clearfix\" >\n\t<h2 class=\"tribe-events-schedule__datetime\">\n\t\t<span class=\"tribe-events-schedule__date tribe-events-schedule__date--start\">\n\t\t\t2025-08-08\t\t<\/span>\n\n\t\t\t\t\t<span class=\"tribe-events-schedule__separator tribe-events-schedule__separator--date\">\n\t\t\t\t @ \t\t\t<\/span>\n\t\t\t<span class=\"tribe-events-schedule__time tribe-events-schedule__time--start\">\n\t\t\t\t16:00\t\t\t<\/span>\n\t\t\n\t\t\t\t\t\t\t\t\t<span class=\"tribe-events-schedule__separator tribe-events-schedule__separator--time\">\n\t\t\t\t\t &#8211; \t\t\t\t<\/span>\n\t\t\t\n\t\t\t\t\t\t\t<span class=\"tribe-events-schedule__date tribe-events-schedule__date--end\">\n\t\t\t\t\t2025-08-10\t\t\t\t<\/span>\n\n\t\t\t\t\t\t\t\t\t<span class=\"tribe-events-schedule__separator tribe-events-schedule__separator--date\">\n\t\t\t\t\t\t @ \t\t\t\t\t<\/span>\n\t\t\t\t\t<span class=\"tribe-events-schedule__time tribe-events-schedule__time--end\">\n\t\t\t\t\t\t14:00\t\t\t\t\t<\/span>\n\t\t\t\t\n\t\t\t\n\t\t\t\t\t\t<\/h2>\n<\/div>\n\n<div class=\"wp-block-columns is-layout-flex wp-container-core-columns-is-layout-28f84493 wp-block-columns-is-layout-flex\">\n<div class=\"wp-block-column is-layout-flow wp-block-column-is-layout-flow\" style=\"flex-basis:66.66%\">\n<p><strong>Need to escape the city?<\/strong><strong><br\/><\/strong>Treat yourself to a weekend to breathe, move, reconnect\u2026 and take care of yourself.<\/p>\n\n\n\n<p>Z\u00e9ro Gravit\u00e9 invites you to a <strong>unique retreat<\/strong> combining <strong>outdoor climbing<\/strong> and <strong>yoga<\/strong> in the inspiring <strong>Val-David\u2013Val-Morin Regional Park<\/strong> setting. Whether you&#8217;re a beginner or an experienced climber, everyone is welcome! <\/p>\n\n\n\n<p><strong>Climbing<\/strong>: Enjoy the park\u2019s natural rock faces, either autonomously or with certified instructors from the <strong>Passe-Montagne<\/strong> Climbing School.<br\/><strong>Yoga<\/strong>: Each day, let yourself be guided by our yoga teacher, <strong>Lucas Melo<\/strong>, through sessions designed to promote strength, flexibility, and focus.<br\/><strong>Well-being<\/strong>: Our <strong>massage therapist, Emilie Lemarteleur<\/strong>, will be on-site all weekend to offer personalized treatments.<\/p>\n\n\n\n<p>Accommodation and all meals are included, hosted at <strong>Espace Omeya<\/strong>, located at the entrance to the park. You can choose to sleep in a shared <strong>dormitory<\/strong> or <strong>camp<\/strong>, based on your preference. <strong>Reserve your spot now<\/strong> for a <strong>rejuvenating nature getaway<\/strong> \u2014 a perfect opportunity to recharge among friends in a warm and inspiring environment. <\/p>\n<\/div>\n\n\n\n<div class=\"wp-block-column is-layout-flow wp-block-column-is-layout-flow\" style=\"flex-basis:33.33%\">\n<figure class=\"wp-block-image size-large is-resized\"><img fetchpriority=\"high\" decoding=\"async\" width=\"819\" height=\"1024\" src=\"https:\/\/zero-gravite.ca\/wp-content\/uploads\/2025\/05\/Affiche-retraite-escalade-yoga-819x1024.jpg\" alt=\"\" class=\"wp-image-19335\" style=\"width:379px;height:auto\" srcset=\"https:\/\/zero-gravite.ca\/wp-content\/uploads\/2025\/05\/Affiche-retraite-escalade-yoga-819x1024.jpg 819w, https:\/\/zero-gravite.ca\/wp-content\/uploads\/2025\/05\/Affiche-retraite-escalade-yoga-240x300.jpg 240w, https:\/\/zero-gravite.ca\/wp-content\/uploads\/2025\/05\/Affiche-retraite-escalade-yoga-768x960.jpg 768w, https:\/\/zero-gravite.ca\/wp-content\/uploads\/2025\/05\/Affiche-retraite-escalade-yoga-1229x1536.jpg 1229w, https:\/\/zero-gravite.ca\/wp-content\/uploads\/2025\/05\/Affiche-retraite-escalade-yoga-1638x2048.jpg 1638w, https:\/\/zero-gravite.ca\/wp-content\/uploads\/2025\/05\/Affiche-retraite-escalade-yoga-scaled.jpg 2048w\" sizes=\"(max-width: 819px) 100vw, 819px\" \/><\/figure>\n\n\n<div  class=\"tribe-block tribe-block__event-website\" >\n\t<a\n\t\thref=\"https:\/\/app.rockgympro.com\/b\/?bo=1ade1f5398494399a85736be081e6cba&#038;lcg=b760dd1f3e0eaf5250df8a803161b8a76a163b8c\"\n\t\ttarget=\"_self\"\n\t\t\t>\n\t\tR\u00e9servations\t<\/a>\n<\/div>\n<\/div>\n<\/div>\n\n<div style=\"height:36px\" aria-hidden=\"true\" class=\"wp-block-spacer\"><\/div>\n\n<h2 class=\"wp-block-heading\">Weekend Program<\/h2>\n\n<div style=\"height:36px\" aria-hidden=\"true\" class=\"wp-block-spacer\"><\/div>\n\n<div class=\"wp-block-columns is-layout-flex wp-container-core-columns-is-layout-28f84493 wp-block-columns-is-layout-flex\">\n<div class=\"wp-block-column is-layout-flow wp-block-column-is-layout-flow\" style=\"flex-basis:66.66%\">\n<figure class=\"wp-block-table alignleft\"><table><tbody><tr><td colspan=\"2\"><strong>Friday<\/strong><\/td><\/tr><tr><td>4 P.M.<\/td><td class=\"has-text-align-center\" data-align=\"center\">Participant arrival<\/td><\/tr><tr><td>5:00 P.M.<\/td><td class=\"has-text-align-center\" data-align=\"center\">Free time<\/td><\/tr><tr><td>6:00 P.M.<\/td><td class=\"has-text-align-center\" data-align=\"center\">Dinner<\/td><\/tr><tr><td>7:00 P.M.<\/td><td class=\"has-text-align-center\" data-align=\"center\">Free time<\/td><\/tr><tr><td>8:00 P.M.<\/td><td class=\"has-text-align-center\" data-align=\"center\">Yoga vinyasa and Yin 1h30<\/td><\/tr><tr><td colspan=\"2\"><strong>Saturday<\/strong><\/td><\/tr><tr><td>6:30 A.M.<\/td><td class=\"has-text-align-center\" data-align=\"center\">Breathwork &amp; Pranayama (30 min)<\/td><\/tr><tr><td>7:00 A.M. &#8211; 7:45 A.M.<\/td><td class=\"has-text-align-center\" data-align=\"center\">Hatha Yoga (45 min)<\/td><\/tr><tr><td>8:00 A.M.<\/td><td class=\"has-text-align-center\" data-align=\"center\">Breakfast<\/td><\/tr><tr><td>8:30 A.M.<\/td><td class=\"has-text-align-center\" data-align=\"center\">Departure for climbing<\/td><\/tr><tr><td>4:30 P.M.<\/td><td class=\"has-text-align-center\" data-align=\"center\">Return<\/td><\/tr><tr><td>5:00 P.M.<\/td><td class=\"has-text-align-center\" data-align=\"center\">Dinner<\/td><\/tr><tr><td>6:00 P.M.<\/td><td class=\"has-text-align-center\" data-align=\"center\">Free time<\/td><\/tr><tr><td>7:00 P.M.<\/td><td class=\"has-text-align-center\" data-align=\"center\">Yin &amp; Restorative Yoga (1h)<\/td><\/tr><tr><td>8:00 P.M.<\/td><td class=\"has-text-align-center\" data-align=\"center\">Campfire evening<\/td><\/tr><tr><td colspan=\"2\"><strong>Sunday<\/strong><\/td><\/tr><tr><td>9:00 &#8211; 9:30 A.M.<\/td><td class=\"has-text-align-center\" data-align=\"center\">Breathwork &amp; Pranayama<\/td><\/tr><tr><td>9:30 &#8211; 10:30 A.M.<\/td><td class=\"has-text-align-center\" data-align=\"center\">Vinyasa<\/td><\/tr><tr><td>11:00 A.M.<\/td><td class=\"has-text-align-center\" data-align=\"center\">Brunch<\/td><\/tr><tr><td>12:30 P.M.<\/td><td class=\"has-text-align-center\" data-align=\"center\">Break<\/td><\/tr><tr><td>1:00 P.M.<\/td><td class=\"has-text-align-center\" data-align=\"center\">Advanced posture workshop<\/td><\/tr><tr><td>2:00 P.M.<\/td><td class=\"has-text-align-center\" data-align=\"center\">End of retreat \/ departure<\/td><\/tr><\/tbody><\/table><\/figure>\n<\/div>\n\n\n\n<div class=\"wp-block-column is-layout-flow wp-block-column-is-layout-flow\" style=\"flex-basis:33.33%\">\n<figure class=\"wp-block-image size-large is-resized\"><img decoding=\"async\" src=\"https:\/\/zero-gravite.ca\/wp-content\/uploads\/2025\/05\/2023&#xA9;Omeya_ete-17-1024x576.jpg\" alt=\"\" class=\"wp-image-19343\" style=\"width:364px;height:auto\"\/><\/figure>\n\n\n\n<figure class=\"wp-block-image size-large\"><img decoding=\"async\" width=\"1024\" height=\"576\" src=\"https:\/\/zero-gravite.ca\/wp-content\/uploads\/2025\/05\/Chambre-partagee2-1024x576.jpg\" alt=\"\" class=\"wp-image-19337\" srcset=\"https:\/\/zero-gravite.ca\/wp-content\/uploads\/2025\/05\/Chambre-partagee2-1024x576.jpg 1024w, https:\/\/zero-gravite.ca\/wp-content\/uploads\/2025\/05\/Chambre-partagee2-300x169.jpg 300w, https:\/\/zero-gravite.ca\/wp-content\/uploads\/2025\/05\/Chambre-partagee2-768x432.jpg 768w, https:\/\/zero-gravite.ca\/wp-content\/uploads\/2025\/05\/Chambre-partagee2-1536x864.jpg 1536w, https:\/\/zero-gravite.ca\/wp-content\/uploads\/2025\/05\/Chambre-partagee2-2048x1152.jpg 2048w\" sizes=\"(max-width: 1024px) 100vw, 1024px\" \/><\/figure>\n\n\n\n<figure class=\"wp-block-image size-large\"><img decoding=\"async\" width=\"1024\" height=\"512\" src=\"https:\/\/zero-gravite.ca\/wp-content\/uploads\/2025\/05\/Camping-1024x512.jpg\" alt=\"\" class=\"wp-image-19339\" srcset=\"https:\/\/zero-gravite.ca\/wp-content\/uploads\/2025\/05\/Camping-1024x512.jpg 1024w, https:\/\/zero-gravite.ca\/wp-content\/uploads\/2025\/05\/Camping-300x150.jpg 300w, https:\/\/zero-gravite.ca\/wp-content\/uploads\/2025\/05\/Camping-768x384.jpg 768w, https:\/\/zero-gravite.ca\/wp-content\/uploads\/2025\/05\/Camping-1536x768.jpg 1536w, https:\/\/zero-gravite.ca\/wp-content\/uploads\/2025\/05\/Camping-2048x1024.jpg 2048w\" sizes=\"(max-width: 1024px) 100vw, 1024px\" \/><\/figure>\n\n\n\n<figure class=\"wp-block-image size-large\"><img loading=\"lazy\" decoding=\"async\" width=\"1024\" height=\"683\" src=\"https:\/\/zero-gravite.ca\/wp-content\/uploads\/2025\/05\/Omeya-25-1024x683.jpg\" alt=\"\" class=\"wp-image-19341\" srcset=\"https:\/\/zero-gravite.ca\/wp-content\/uploads\/2025\/05\/Omeya-25-1024x683.jpg 1024w, https:\/\/zero-gravite.ca\/wp-content\/uploads\/2025\/05\/Omeya-25-300x200.jpg 300w, https:\/\/zero-gravite.ca\/wp-content\/uploads\/2025\/05\/Omeya-25-768x512.jpg 768w, https:\/\/zero-gravite.ca\/wp-content\/uploads\/2025\/05\/Omeya-25-1536x1024.jpg 1536w, https:\/\/zero-gravite.ca\/wp-content\/uploads\/2025\/05\/Omeya-25-2048x1365.jpg 2048w\" sizes=\"(max-width: 1024px) 100vw, 1024px\" \/><\/figure>\n<\/div>\n<\/div>\n\n<div style=\"height:48px\" aria-hidden=\"true\" class=\"wp-block-spacer\"><\/div>\n\n<div class=\"wp-block-columns is-layout-flex wp-container-core-columns-is-layout-28f84493 wp-block-columns-is-layout-flex\">\n<div class=\"wp-block-column is-layout-flow wp-block-column-is-layout-flow\" style=\"flex-basis:33.33%\">\n<figure class=\"wp-block-image size-large\"><img loading=\"lazy\" decoding=\"async\" width=\"768\" height=\"1024\" src=\"https:\/\/zero-gravite.ca\/wp-content\/uploads\/2025\/05\/20220521_144637-768x1024.jpg\" alt=\"\" class=\"wp-image-19345\" srcset=\"https:\/\/zero-gravite.ca\/wp-content\/uploads\/2025\/05\/20220521_144637-768x1024.jpg 768w, https:\/\/zero-gravite.ca\/wp-content\/uploads\/2025\/05\/20220521_144637-225x300.jpg 225w, https:\/\/zero-gravite.ca\/wp-content\/uploads\/2025\/05\/20220521_144637-1152x1536.jpg 1152w, https:\/\/zero-gravite.ca\/wp-content\/uploads\/2025\/05\/20220521_144637-1536x2048.jpg 1536w, https:\/\/zero-gravite.ca\/wp-content\/uploads\/2025\/05\/20220521_144637-scaled.jpg 1920w\" sizes=\"(max-width: 768px) 100vw, 768px\" \/><\/figure>\n<\/div>\n\n\n\n<div class=\"wp-block-column is-layout-flow wp-block-column-is-layout-flow\" style=\"flex-basis:66.66%\">\n<p>*Weather may impact the weekend schedule. If it rains, the climbing day will be moved to Sunday, and Sunday\u2019s program will shift to Saturday.   <\/p>\n\n\n\n<p>Several hiking trails start right from Espace Omeya. You can enjoy them during your free time. Yoga sessions with Lucas Melo are optional. You\u2019re welcome to schedule a massage session (extra cost).   <\/p>\n\n\n\n<p><strong>Autonomous climbers<\/strong> can opt out of guided climbing. The Val-David Regional Park has many accessible crags for independent climbers. We recommend becoming an <a href=\"https:\/\/membres.fqme.qc.ca\/login.php\"><strong>FQME member<\/strong><\/a> for insurance coverage. You\u2019ll need to bring your own gear.    <\/p>\n<\/div>\n<\/div>\n\n<div style=\"height:52px\" aria-hidden=\"true\" class=\"wp-block-spacer\"><\/div>\n\n<h2 class=\"wp-block-heading\">Your guides<\/h2>\n\n<div style=\"height:52px\" aria-hidden=\"true\" class=\"wp-block-spacer\"><\/div>\n\n<div class=\"wp-block-columns is-layout-flex wp-container-core-columns-is-layout-28f84493 wp-block-columns-is-layout-flex\">\n<div class=\"wp-block-column is-layout-flow wp-block-column-is-layout-flow\">\n<h4 class=\"wp-block-heading\">Lucas Melo \u2022 Yoga teacher<\/h4>\n\n\n\n<figure class=\"wp-block-image size-large\"><img loading=\"lazy\" decoding=\"async\" width=\"1024\" height=\"1024\" src=\"https:\/\/zero-gravite.ca\/wp-content\/uploads\/2025\/05\/Photo-yoga-1024x1024.jpg\" alt=\"\" class=\"wp-image-19365\" srcset=\"https:\/\/zero-gravite.ca\/wp-content\/uploads\/2025\/05\/Photo-yoga-1024x1024.jpg 1024w, https:\/\/zero-gravite.ca\/wp-content\/uploads\/2025\/05\/Photo-yoga-300x300.jpg 300w, https:\/\/zero-gravite.ca\/wp-content\/uploads\/2025\/05\/Photo-yoga-150x150.jpg 150w, https:\/\/zero-gravite.ca\/wp-content\/uploads\/2025\/05\/Photo-yoga-768x768.jpg 768w, https:\/\/zero-gravite.ca\/wp-content\/uploads\/2025\/05\/Photo-yoga-1536x1536.jpg 1536w, https:\/\/zero-gravite.ca\/wp-content\/uploads\/2025\/05\/Photo-yoga-2048x2048.jpg 2048w\" sizes=\"(max-width: 1024px) 100vw, 1024px\" \/><\/figure>\n\n\n\n<p>Lucas was first introduced to yoga during his teenage years. This discipline helped him believe in change as he immigrated from Brazil to start a brand new life in Montreal. Eager to deepen his practice, he earned his yoga teacher training certification in 2023 under the guidance of Fran\u00e7ois Lacerte.  <\/p>\n<\/div>\n\n\n\n<div class=\"wp-block-column is-layout-flow wp-block-column-is-layout-flow\">\n<h4 class=\"wp-block-heading\">Agathe \u2022 Organizer<\/h4>\n\n\n\n<figure class=\"wp-block-image size-large\"><img loading=\"lazy\" decoding=\"async\" width=\"771\" height=\"1024\" src=\"https:\/\/zero-gravite.ca\/wp-content\/uploads\/2025\/05\/756ea08ab884203b87473c8e40f46d4e-771x1024.jpg\" alt=\"\" class=\"wp-image-19367\" srcset=\"https:\/\/zero-gravite.ca\/wp-content\/uploads\/2025\/05\/756ea08ab884203b87473c8e40f46d4e-771x1024.jpg 771w, https:\/\/zero-gravite.ca\/wp-content\/uploads\/2025\/05\/756ea08ab884203b87473c8e40f46d4e-226x300.jpg 226w, https:\/\/zero-gravite.ca\/wp-content\/uploads\/2025\/05\/756ea08ab884203b87473c8e40f46d4e-768x1020.jpg 768w, https:\/\/zero-gravite.ca\/wp-content\/uploads\/2025\/05\/756ea08ab884203b87473c8e40f46d4e-1157x1536.jpg 1157w, https:\/\/zero-gravite.ca\/wp-content\/uploads\/2025\/05\/756ea08ab884203b87473c8e40f46d4e.jpg 1536w\" sizes=\"(max-width: 771px) 100vw, 771px\" \/><\/figure>\n\n\n\n<p>Passionate about outdoor activities, Agathe has been hiking and climbing for several years. Yoga became an obvious choice for her during the COVID period, allowing her to cultivate inner balance while maintaining good physical condition.  <\/p>\n\n\n\n<p>Arriving in Quebec in 2024, she quickly joined the Zero Gravit\u00e9 team with enthusiasm, where she now serves as the communications and activities manager.<\/p>\n<\/div>\n\n\n\n<div class=\"wp-block-column is-layout-flow wp-block-column-is-layout-flow\">\n<h4 class=\"wp-block-heading\">Emilie \u2022 Massage therapist<\/h4>\n\n\n\n<figure class=\"wp-block-image size-large\"><img loading=\"lazy\" decoding=\"async\" width=\"682\" height=\"1024\" src=\"https:\/\/zero-gravite.ca\/wp-content\/uploads\/2024\/08\/RICHARD_MARDENS-07651-682x1024.jpg\" alt=\"Emilie Lemarteleur, massage therapist at Zero Gravit&#xE9; Climbing and Yoga, Montreal (Papineau, Mont-Royal, Le Plateau).\" class=\"wp-image-16847\" srcset=\"https:\/\/zero-gravite.ca\/wp-content\/uploads\/2024\/08\/RICHARD_MARDENS-07651-682x1024.jpg 682w, https:\/\/zero-gravite.ca\/wp-content\/uploads\/2024\/08\/RICHARD_MARDENS-07651-200x300.jpg 200w, https:\/\/zero-gravite.ca\/wp-content\/uploads\/2024\/08\/RICHARD_MARDENS-07651-768x1152.jpg 768w, https:\/\/zero-gravite.ca\/wp-content\/uploads\/2024\/08\/RICHARD_MARDENS-07651-1024x1536.jpg 1024w, https:\/\/zero-gravite.ca\/wp-content\/uploads\/2024\/08\/RICHARD_MARDENS-07651.jpg 1333w\" sizes=\"(max-width: 682px) 100vw, 682px\" \/><\/figure>\n\n\n\n<p>Certified in Kinetic\u00ae Swedish massage since September 2020 and trained in deep tissue massage, Emilie offers a biomechanics-focused massage therapy approach. Her method is holistic, combining empathy and energy, always respecting each individual\u2019s boundaries and personal space. Convinced of the strong connection between body and mind, she found further confirmation of this belief during her yoga teacher training.  <\/p>\n\n\n\n<p>She believes that the benefits of massage are numerous: relieving the body of tension and restrictions, improving mobility, and promoting reconnection with sensations. Passionate about climbing, she has a solid understanding of the specific needs associated with this practice. <\/p>\n<\/div>\n<\/div>\n\n<div style=\"height:52px\" aria-hidden=\"true\" class=\"wp-block-spacer\"><\/div>\n\n<div class=\"wp-block-columns is-layout-flex wp-container-core-columns-is-layout-28f84493 wp-block-columns-is-layout-flex\">\n<div class=\"wp-block-column is-layout-flow wp-block-column-is-layout-flow\" style=\"flex-basis:33.33%\">\n<figure class=\"wp-block-image size-full\"><a href=\"ecole-escalade.com\"><img loading=\"lazy\" decoding=\"async\" width=\"743\" height=\"317\" src=\"https:\/\/zero-gravite.ca\/wp-content\/uploads\/2025\/05\/Passe-Montagne-ecole-descalade.png\" alt=\"\" class=\"wp-image-19357\" srcset=\"https:\/\/zero-gravite.ca\/wp-content\/uploads\/2025\/05\/Passe-Montagne-ecole-descalade.png 743w, https:\/\/zero-gravite.ca\/wp-content\/uploads\/2025\/05\/Passe-Montagne-ecole-descalade-300x128.png 300w\" sizes=\"(max-width: 743px) 100vw, 743px\" \/><\/a><\/figure>\n<\/div>\n\n\n\n<div class=\"wp-block-column is-layout-flow wp-block-column-is-layout-flow\" style=\"flex-basis:66.66%\">\n<h2 class=\"wp-block-heading\">Passe-Montagne Climbing School<\/h2>\n\n\n\n<p>Passe-Montagne is a climbing school located in Val-David in the Laurentians since 1981. The courses are accessible to climbers of all levels.<\/p>\n\n\n\n<p><a href=\"https:\/\/ecole-escalade.com\">https:\/\/ecole-escalade.com<\/a><\/p>\n<\/div>\n<\/div>\n\n<div style=\"height:52px\" aria-hidden=\"true\" class=\"wp-block-spacer\"><\/div>\n\n<div class=\"wp-block-columns is-layout-flex wp-container-core-columns-is-layout-28f84493 wp-block-columns-is-layout-flex\">\n<div class=\"wp-block-column is-layout-flow wp-block-column-is-layout-flow\" style=\"flex-basis:66.66%\">\n<h2 class=\"wp-block-heading\">Logistics &amp; Transport <\/h2>\n\n\n\n<p>We are not able to provide transportation during the weekend. A link will be shared to help participants coordinate carpooling. You\u2019ll also need to get yourself to the climbing site.  <\/p>\n\n\n\n<p><strong>Participant arrival: Friday at 4:00 PM<\/strong><br\/>Travel time: From Montreal, allow at least 1h25 under normal traffic. Be aware that Friday traffic northbound can be heavy, so plan accordingly. <\/p>\n\n\n\n<p>Tents and camping gear are not provided. <\/p>\n<\/div>\n\n\n\n<div class=\"wp-block-column is-layout-flow wp-block-column-is-layout-flow\" style=\"flex-basis:33.33%\"><div  class=\"tribe-block tribe-block__venue tribe-clearfix\" >\n\t\n\t\n<div class=\"tribe-block__venue__meta\">\n\t<div class=\"tribe-block__venue__name\">\n\t\t<h3>Espace Omeya<\/h3>\n\t<\/div>\n\n\t\n\t\t\t<address class=\"tribe-block__venue__address\">\n\t\t\t<span class=\"tribe-address\">\n\n<span class=\"tribe-street-address\">1554 Rue Ren\u00e9, Val-David<\/span>\n\t\n\n\n\t<span class=\"tribe-postal-code\">, QC J0T 2N0, QC J0T 2N0<\/span>\n\n\n<\/span>\n\n\t\t\t\t\t<\/address>\n\t\n\t\n\t\n\t<\/div>\n\t\n\t<\/div>\n<\/div>\n<\/div>\n\n<div style=\"height:52px\" aria-hidden=\"true\" class=\"wp-block-spacer\"><\/div>\n\n<h3 class=\"wp-block-heading\"><strong>Pricing<\/strong><\/h3>\n\n<p><strong>Early bird discount: Save $50 if you register by June 7!<\/strong><br\/><strong>Duo offer: 50$ discount per person for two-person bookings.<\/strong><\/p>\n<div  class=\"tribe-block tribe-block__event-price\" >\n\t\t\t<span class=\"tribe-block__event-price__cost\"> 505$ <\/span>\n\t\t\t\t<span class=\"tribe-block__event-price__description\">earlybird jusqu&#039;au 7 juin !<\/span>\n\t<\/div>\n\n<figure class=\"wp-block-table\"><table class=\"has-fixed-layout\"><thead><tr><th>Option<\/th><th>Regular pricing<\/th><th>Early bird<\/th><\/tr><\/thead><tbody><tr><td>Camping + Autonomous climbing<\/td><td>$555<\/td><td>$505<\/td><\/tr><tr><td>Dormitory + Autonomous climbing<\/td><td>$575<\/td><td>$525<\/td><\/tr><tr><td>Camping + Guided climbing (Passe-Montagne)<\/td><td>$585<\/td><td>$535<\/td><\/tr><tr><td>Dormitory + Guided climbing (Passe-Montagne)<\/td><td>$605<\/td><td>$555<\/td><\/tr><\/tbody><\/table><\/figure>\n\n<p><strong>Included :<\/strong><\/p>\n\n<ul class=\"wp-block-list\">\n<li>$11\/day park access fee (Val-David Regional Park)<\/li>\n\n\n\n<li>All meals<\/li>\n\n\n\n<li>Camping or dorm accommodation<\/li>\n\n\n\n<li>Daily yoga sessions<\/li>\n<\/ul>\n\n<p>Massage Therapy Sessions: $100 for 60 minutes<\/p>\n\n<p>Reservations via Gordv: <a href=\"https:\/\/zero-gravite.ca\/en\/massage\/\" target=\"_blank\" rel=\"noreferrer noopener\">https:\/\/zero-gravite.ca\/en\/massage\/<\/a><\/p>\n\n<p><em>A minimum of 8 participants is required for the retreat to proceed.<\/em><\/p>\n<div  class=\"tribe-block tribe-block__event-website\" >\n\t<a\n\t\thref=\"https:\/\/app.rockgympro.com\/b\/?bo=1ade1f5398494399a85736be081e6cba&#038;lcg=b760dd1f3e0eaf5250df8a803161b8a76a163b8c\"\n\t\ttarget=\"_self\"\n\t\t\t>\n\t\tR\u00e9servations\t<\/a>\n<\/div>\n\t<div  class=\"tribe-block tribe-block__events-link\" >\n\t\t<div class=\"tribe-events tribe-common\">\n\t\t\t<div class=\"tribe-events-c-subscribe-dropdown__container\">\n\t\t\t\t<div class=\"tribe-events-c-subscribe-dropdown\">\n\t\t\t\t\t<div class=\"tribe-common-c-btn-border tribe-events-c-subscribe-dropdown__button\">\n\t\t\t\t\t\t<svg  class=\"tribe-common-c-svgicon tribe-common-c-svgicon--cal-export tribe-events-c-subscribe-dropdown__export-icon\"  viewBox=\"0 0 23 17\" xmlns=\"http:\/\/www.w3.org\/2000\/svg\">\n  <path fill-rule=\"evenodd\" clip-rule=\"evenodd\" d=\"M.128.896V16.13c0 .211.145.383.323.383h15.354c.179 0 .323-.172.323-.383V.896c0-.212-.144-.383-.323-.383H.451C.273.513.128.684.128.896Zm16 6.742h-.901V4.679H1.009v10.729h14.218v-3.336h.901V7.638ZM1.01 1.614h14.218v2.058H1.009V1.614Z\" \/>\n  <path d=\"M20.5 9.846H8.312M18.524 6.953l2.89 2.909-2.855 2.855\" stroke-width=\"1.2\" stroke-linecap=\"round\" stroke-linejoin=\"round\"\/>\n<\/svg>\n\t\t\t\t\t\t<button\n\t\t\t\t\t\t\tclass=\"tribe-events-c-subscribe-dropdown__button-text\"\n\t\t\t\t\t\t\taria-expanded=\"false\"\n\t\t\t\t\t\t\taria-controls=\"tribe-events-subscribe-dropdown-content\"\n\t\t\t\t\t\t\taria-label=\"\"\n\t\t\t\t\t\t>\n\t\t\t\t\t\t\tAdd to calendar\t\t\t\t\t\t<\/button>\n\t\t\t\t\t\t<svg  class=\"tribe-common-c-svgicon tribe-common-c-svgicon--caret-down tribe-events-c-subscribe-dropdown__button-icon\"  viewBox=\"0 0 10 7\" xmlns=\"http:\/\/www.w3.org\/2000\/svg\" aria-hidden=\"true\"><path fill-rule=\"evenodd\" clip-rule=\"evenodd\" d=\"M1.008.609L5 4.6 8.992.61l.958.958L5 6.517.05 1.566l.958-.958z\" class=\"tribe-common-c-svgicon__svg-fill\"\/><\/svg>\n\t\t\t\t\t<\/div>\n\t\t\t\t\t<div id=\"tribe-events-subscribe-dropdown-content\" class=\"tribe-events-c-subscribe-dropdown__content\">\n\t\t\t\t\t\t<ul class=\"tribe-events-c-subscribe-dropdown__list\">\n\t\t\t\t\t\t\t\t\t\t\t\t\t\t\t<li class=\"tribe-events-c-subscribe-dropdown__list-item\">\n\t\t\t\t\t\t\t\t\t<a\n\t\t\t\t\t\t\t\t\t\thref=\"https:\/\/www.google.com\/calendar\/event?action=TEMPLATE&#038;dates=20250808T160000\/20250810T140000&#038;text=Climbing%20and%20Yoga%20Retreat%20in%20Val-David&#038;details=%3Cdiv+class%3D%22wp-block-columns%22%3E%3Cdiv+class%3D%22wp-block-column%22+style%3D%22flex-basis%3A66.66%25%22%3E%3Cp%3E%3Cstrong%3ENeed+to+escape+the+city%3F%3C%2Fstrong%3E%3Cstrong%3E%3Cbr+%2F%3E%3C%2Fstrong%3ETreat+yourself+to+a+weekend+to+breathe%2C+move%2C+reconnect%E2%80%A6+and+take+care+of+yourself.%3C%2Fp%3E+%3Cp%3EZ%C3%A9ro+Gravit%C3%A9+invites+you+to+a+%3Cstrong%3Eunique+retreat%3C%2Fstrong%3E+combining+%3Cstrong%3Eoutdoor+climbing%3C%2Fstrong%3E+and+%3Cstrong%3Eyoga%3C%2Fstrong%3E+in+the+inspiring+%3Cstrong%3EVal-David%E2%80%93Val-Morin+Regional+Park%3C%2Fstrong%3E+setting.+Whether+you%27re+a+beginner+or+an+experienced+climber%2C+everyone+is+welcome%21+%3C%2Fp%3E+%3Cp%3E%3Cstrong%3EClimbing%3C%2Fstrong%3E%3A+Enjoy+the+park%E2%80%99s+natural+rock+faces%2C+either+autonomously+or+with+certified+instructors+from+the+%3Cstrong%3EPasse-Montagne%3C%2Fstrong%3E+Climbing+School.%3Cbr+%2F%3E%3Cstrong%3EYoga%3C%2Fstrong%3E%3A+Each+day%2C+let+yourself+be+guided+by+our+yoga+teacher%2C+%3Cstrong%3ELucas+Melo%3C%2Fstrong%3E%2C+through+sessions+designed+to+promote+strength%2C+flexibility%2C+and+focus.%3Cbr+%2F%3E%3Cstrong%3EWell-being%3C%2Fstrong%3E%3A+Our+%3Cstrong%3Emassage+therapist%2C+Emilie+Lemarteleur%3C%2Fstrong%3E%3C%2Fp%3E%3C%2Fdiv%3E%3C%2Fdiv%3E+%28View+Full+event+Description+Here%3A+https%3A%2F%2Fzero-gravite.ca%2Fen%2Fevent%2Fclimbing-and-yoga-retreat-in-val-david%2F%29&#038;location=Espace%20Omeya,%201554%20Rue%20Ren\u00e9,%20Val-David,%20,%20QC%20J0T%202N0,%20QC%20J0T%202N0&#038;trp=false&#038;ctz=America\/New_York&#038;sprop=website:https:\/\/zero-gravite.ca\/en\/\"\n\t\t\t\t\t\t\t\t\t\tclass=\"tribe-events-c-subscribe-dropdown__list-item-link\"\n\t\t\t\t\t\t\t\t\t\ttarget=\"_blank\"\n\t\t\t\t\t\t\t\t\t\trel=\"noopener noreferrer nofollow noindex\"\n\t\t\t\t\t\t\t\t\t>\n\t\t\t\t\t\t\t\t\t\tGoogle Calendar\t\t\t\t\t\t\t\t\t<\/a>\n\t\t\t\t\t\t\t\t<\/li>\n\t\t\t\t\t\t\t\t\t\t\t\t\t\t\t<li class=\"tribe-events-c-subscribe-dropdown__list-item\">\n\t\t\t\t\t\t\t\t\t<a\n\t\t\t\t\t\t\t\t\t\thref=\"\"\n\t\t\t\t\t\t\t\t\t\tclass=\"tribe-events-c-subscribe-dropdown__list-item-link\"\n\t\t\t\t\t\t\t\t\t\ttarget=\"_blank\"\n\t\t\t\t\t\t\t\t\t\trel=\"noopener noreferrer nofollow noindex\"\n\t\t\t\t\t\t\t\t\t>\n\t\t\t\t\t\t\t\t\t\tiCalendar\t\t\t\t\t\t\t\t\t<\/a>\n\t\t\t\t\t\t\t\t<\/li>\n\t\t\t\t\t\t\t\t\t\t\t\t\t\t\t<li class=\"tribe-events-c-subscribe-dropdown__list-item\">\n\t\t\t\t\t\t\t\t\t<a\n\t\t\t\t\t\t\t\t\t\thref=\"\"\n\t\t\t\t\t\t\t\t\t\tclass=\"tribe-events-c-subscribe-dropdown__list-item-link\"\n\t\t\t\t\t\t\t\t\t\ttarget=\"_blank\"\n\t\t\t\t\t\t\t\t\t\trel=\"noopener noreferrer nofollow noindex\"\n\t\t\t\t\t\t\t\t\t>\n\t\t\t\t\t\t\t\t\t\tOutlook 365\t\t\t\t\t\t\t\t\t<\/a>\n\t\t\t\t\t\t\t\t<\/li>\n\t\t\t\t\t\t\t\t\t\t\t\t\t\t\t<li class=\"tribe-events-c-subscribe-dropdown__list-item\">\n\t\t\t\t\t\t\t\t\t<a\n\t\t\t\t\t\t\t\t\t\thref=\"\"\n\t\t\t\t\t\t\t\t\t\tclass=\"tribe-events-c-subscribe-dropdown__list-item-link\"\n\t\t\t\t\t\t\t\t\t\ttarget=\"_blank\"\n\t\t\t\t\t\t\t\t\t\trel=\"noopener noreferrer nofollow noindex\"\n\t\t\t\t\t\t\t\t\t>\n\t\t\t\t\t\t\t\t\t\tOutlook Live\t\t\t\t\t\t\t\t\t<\/a>\n\t\t\t\t\t\t\t\t<\/li>\n\t\t\t\t\t\t\t\t\t\t\t\t\t<\/ul>\n\t\t\t\t\t<\/div>\n\t\t\t\t<\/div>\n\t\t\t<\/div>\n\t\t<\/div>\n\t<\/div>\n\n","protected":false},"excerpt":{"rendered":"<p>Z\u00e9ro Gravit\u00e9 invites you to a unique retreat combining outdoor climbing and yoga in the inspiring Val-David\u2013Val-Morin Regional Park setting. Whether you&#8217;re a beginner or an experienced climber, everyone is welcome! <\/p>\n","protected":false},"author":23,"featured_media":19622,"comment_status":"closed","ping_status":"closed","template":"","meta":{"_mo_disable_npp":"","site-sidebar-layout":"default","site-content-layout":"default","ast-global-header-display":"","ast-main-header-display":"","ast-hfb-above-header-display":"","ast-hfb-below-header-display":"","ast-hfb-mobile-header-display":"","site-post-title":"","ast-breadcrumbs-content":"","ast-featured-img":"","footer-sml-layout":"","theme-transparent-header-meta":"","adv-header-id-meta":"","stick-header-meta":"","header-above-stick-meta":"","header-main-stick-meta":"","header-below-stick-meta":"","_EventAllDay":false,"_EventTimezone":"America\/New_York","_EventStartDate":"2025-08-08 16:00:00","_EventEndDate":"2025-08-10 14:00:00","_EventStartDateUTC":"2025-08-08 20:00:00","_EventEndDateUTC":"2025-08-10 18:00:00","_EventShowMap":false,"_EventShowMapLink":false,"_EventURL":"https:\/\/app.rockgympro.com\/b\/?bo=1ade1f5398494399a85736be081e6cba&lcg=b760dd1f3e0eaf5250df8a803161b8a76a163b8c","_EventCost":"505","_EventCostDescription":"","_EventCurrencySymbol":"","_EventCurrencyCode":"","_EventCurrencyPosition":"","_EventDateTimeSeparator":"","_EventTimeRangeSeparator":"","_EventOrganizerID":[],"_EventVenueID":[19616],"_OrganizerEmail":"","_OrganizerPhone":"","_OrganizerWebsite":"","_VenueAddress":"","_VenueCity":"","_VenueCountry":"","_VenueProvince":"","_VenueState":"","_VenueZip":"","_VenuePhone":"","_VenueURL":"","_VenueStateProvince":"","_VenueLat":"","_VenueLng":"","_VenueShowMap":false,"_VenueShowMapLink":false,"_tribe_events_status":"","_tribe_events_status_reason":"","footnotes":""},"tags":[237,489,488,259],"tribe_events_cat":[],"class_list":["post-19370","tribe_events","type-tribe_events","status-publish","has-post-thumbnail","hentry","tag-climbing-en","tag-passemontagne-en","tag-rock-climbing-en-3","tag-yoga-en"],"yoast_head":"<!-- This site is optimized with the Yoast SEO plugin v22.7 - https:\/\/yoast.com\/wordpress\/plugins\/seo\/ -->\n<title>Climbing and Yoga Retreat in Val-David | Z\u00e9ro Gravit\u00e9<\/title>\n<meta name=\"description\" content=\"Z\u00e9ro Gravit\u00e9 invites you to a unique retreat combining outdoor climbing and yoga in the inspiring Val-David\u2013Val-Morin Regional Park setting. Whether you&#039;re a beginner or an experienced climber, everyone is welcome!\" \/>\n<meta name=\"robots\" content=\"index, follow, max-snippet:-1, max-image-preview:large, max-video-preview:-1\" \/>\n<link rel=\"canonical\" href=\"https:\/\/zero-gravite.ca\/en\/event\/climbing-and-yoga-retreat-in-val-david\/\" \/>\n<meta property=\"og:locale\" content=\"en_US\" \/>\n<meta property=\"og:type\" content=\"article\" \/>\n<meta property=\"og:title\" content=\"Climbing and Yoga Retreat in Val-David | Z\u00e9ro Gravit\u00e9\" \/>\n<meta property=\"og:description\" content=\"Z\u00e9ro Gravit\u00e9 invites you to a unique retreat combining outdoor climbing and yoga in the inspiring Val-David\u2013Val-Morin Regional Park setting. Whether you&#039;re a beginner or an experienced climber, everyone is welcome!\" \/>\n<meta property=\"og:url\" content=\"https:\/\/zero-gravite.ca\/en\/event\/climbing-and-yoga-retreat-in-val-david\/\" \/>\n<meta property=\"og:site_name\" content=\"Z\u00e9ro Gravit\u00e9\" \/>\n<meta property=\"article:publisher\" content=\"https:\/\/www.facebook.com\/0gravite\" \/>\n<meta property=\"article:modified_time\" content=\"2025-05-27T21:51:28+00:00\" \/>\n<meta property=\"og:image\" content=\"https:\/\/zero-gravite.ca\/wp-content\/uploads\/2025\/05\/Affiche-retraite-escalade-yoga-scaled.jpg\" \/>\n\t<meta property=\"og:image:width\" content=\"2048\" \/>\n\t<meta property=\"og:image:height\" content=\"2560\" \/>\n\t<meta property=\"og:image:type\" content=\"image\/jpeg\" \/>\n<meta name=\"twitter:card\" content=\"summary_large_image\" \/>\n<meta name=\"twitter:label1\" content=\"Est. reading time\" \/>\n\t<meta name=\"twitter:data1\" content=\"4 minutes\" \/>\n<script type=\"application\/ld+json\" class=\"yoast-schema-graph\">{\"@context\":\"https:\/\/schema.org\",\"@graph\":[{\"@type\":\"WebPage\",\"@id\":\"https:\/\/zero-gravite.ca\/en\/event\/climbing-and-yoga-retreat-in-val-david\/\",\"url\":\"https:\/\/zero-gravite.ca\/en\/event\/climbing-and-yoga-retreat-in-val-david\/\",\"name\":\"Climbing and Yoga Retreat in Val-David | Z\u00e9ro Gravit\u00e9\",\"isPartOf\":{\"@id\":\"https:\/\/zero-gravite.ca\/en\/#website\"},\"primaryImageOfPage\":{\"@id\":\"https:\/\/zero-gravite.ca\/en\/event\/climbing-and-yoga-retreat-in-val-david\/#primaryimage\"},\"image\":{\"@id\":\"https:\/\/zero-gravite.ca\/en\/event\/climbing-and-yoga-retreat-in-val-david\/#primaryimage\"},\"thumbnailUrl\":\"https:\/\/zero-gravite.ca\/wp-content\/uploads\/2025\/05\/nouvelle-affiche-retraite-yoga.jpg\",\"datePublished\":\"2025-05-16T16:58:42+00:00\",\"dateModified\":\"2025-05-27T21:51:28+00:00\",\"description\":\"Z\u00e9ro Gravit\u00e9 invites you to a unique retreat combining outdoor climbing and yoga in the inspiring Val-David\u2013Val-Morin Regional Park setting. Whether you're a beginner or an experienced climber, everyone is welcome!\",\"breadcrumb\":{\"@id\":\"https:\/\/zero-gravite.ca\/en\/event\/climbing-and-yoga-retreat-in-val-david\/#breadcrumb\"},\"inLanguage\":\"en-US\",\"potentialAction\":[{\"@type\":\"ReadAction\",\"target\":[\"https:\/\/zero-gravite.ca\/en\/event\/climbing-and-yoga-retreat-in-val-david\/\"]}]},{\"@type\":\"ImageObject\",\"inLanguage\":\"en-US\",\"@id\":\"https:\/\/zero-gravite.ca\/en\/event\/climbing-and-yoga-retreat-in-val-david\/#primaryimage\",\"url\":\"https:\/\/zero-gravite.ca\/wp-content\/uploads\/2025\/05\/nouvelle-affiche-retraite-yoga.jpg\",\"contentUrl\":\"https:\/\/zero-gravite.ca\/wp-content\/uploads\/2025\/05\/nouvelle-affiche-retraite-yoga.jpg\",\"width\":1080,\"height\":1350,\"caption\":\"retraite escalade et yoga \u00e0 val-david Z\u00e9ro Gravit\u00e9 Passe Montagne\"},{\"@type\":\"BreadcrumbList\",\"@id\":\"https:\/\/zero-gravite.ca\/en\/event\/climbing-and-yoga-retreat-in-val-david\/#breadcrumb\",\"itemListElement\":[{\"@type\":\"ListItem\",\"position\":1,\"name\":\"Accueil\",\"item\":\"https:\/\/zero-gravite.ca\/en\/\"},{\"@type\":\"ListItem\",\"position\":2,\"name\":\"Events\",\"item\":\"https:\/\/zero-gravite.ca\/en\/events\/\"},{\"@type\":\"ListItem\",\"position\":3,\"name\":\"Climbing and Yoga Retreat in Val-David\"}]},{\"@type\":\"WebSite\",\"@id\":\"https:\/\/zero-gravite.ca\/en\/#website\",\"url\":\"https:\/\/zero-gravite.ca\/en\/\",\"name\":\"Z\u00e9ro Gravit\u00e9\",\"description\":\"Escalade et yoga au coeur de Montr\u00e9al\",\"publisher\":{\"@id\":\"https:\/\/zero-gravite.ca\/en\/#organization\"},\"potentialAction\":[{\"@type\":\"SearchAction\",\"target\":{\"@type\":\"EntryPoint\",\"urlTemplate\":\"https:\/\/zero-gravite.ca\/en\/?s={search_term_string}\"},\"query-input\":\"required name=search_term_string\"}],\"inLanguage\":\"en-US\"},{\"@type\":\"Organization\",\"@id\":\"https:\/\/zero-gravite.ca\/en\/#organization\",\"name\":\"Z\u00e9ro Gravit\u00e9 escalade & yoga\",\"url\":\"https:\/\/zero-gravite.ca\/en\/\",\"logo\":{\"@type\":\"ImageObject\",\"inLanguage\":\"en-US\",\"@id\":\"https:\/\/zero-gravite.ca\/en\/#\/schema\/logo\/image\/\",\"url\":\"https:\/\/zero-gravite.ca\/wp-content\/uploads\/2022\/02\/ZG_Logo_Classic_CMYK.png\",\"contentUrl\":\"https:\/\/zero-gravite.ca\/wp-content\/uploads\/2022\/02\/ZG_Logo_Classic_CMYK.png\",\"width\":1777,\"height\":1600,\"caption\":\"Z\u00e9ro Gravit\u00e9 escalade & yoga\"},\"image\":{\"@id\":\"https:\/\/zero-gravite.ca\/en\/#\/schema\/logo\/image\/\"},\"sameAs\":[\"https:\/\/www.facebook.com\/0gravite\",\"https:\/\/www.instagram.com\/zero.gravite\"]}]}<\/script>\n<!-- \/ Yoast SEO plugin. -->","yoast_head_json":{"title":"Climbing and Yoga Retreat in Val-David | Z\u00e9ro Gravit\u00e9","description":"Z\u00e9ro Gravit\u00e9 invites you to a unique retreat combining outdoor climbing and yoga in the inspiring Val-David\u2013Val-Morin Regional Park setting. Whether you're a beginner or an experienced climber, everyone is welcome!","robots":{"index":"index","follow":"follow","max-snippet":"max-snippet:-1","max-image-preview":"max-image-preview:large","max-video-preview":"max-video-preview:-1"},"canonical":"https:\/\/zero-gravite.ca\/en\/event\/climbing-and-yoga-retreat-in-val-david\/","og_locale":"en_US","og_type":"article","og_title":"Climbing and Yoga Retreat in Val-David | Z\u00e9ro Gravit\u00e9","og_description":"Z\u00e9ro Gravit\u00e9 invites you to a unique retreat combining outdoor climbing and yoga in the inspiring Val-David\u2013Val-Morin Regional Park setting. Whether you're a beginner or an experienced climber, everyone is welcome!","og_url":"https:\/\/zero-gravite.ca\/en\/event\/climbing-and-yoga-retreat-in-val-david\/","og_site_name":"Z\u00e9ro Gravit\u00e9","article_publisher":"https:\/\/www.facebook.com\/0gravite","article_modified_time":"2025-05-27T21:51:28+00:00","og_image":[{"width":2048,"height":2560,"url":"https:\/\/zero-gravite.ca\/wp-content\/uploads\/2025\/05\/Affiche-retraite-escalade-yoga-scaled.jpg","type":"image\/jpeg"}],"twitter_card":"summary_large_image","twitter_misc":{"Est. reading time":"4 minutes"},"schema":{"@context":"https:\/\/schema.org","@graph":[{"@type":"WebPage","@id":"https:\/\/zero-gravite.ca\/en\/event\/climbing-and-yoga-retreat-in-val-david\/","url":"https:\/\/zero-gravite.ca\/en\/event\/climbing-and-yoga-retreat-in-val-david\/","name":"Climbing and Yoga Retreat in Val-David | Z\u00e9ro Gravit\u00e9","isPartOf":{"@id":"https:\/\/zero-gravite.ca\/en\/#website"},"primaryImageOfPage":{"@id":"https:\/\/zero-gravite.ca\/en\/event\/climbing-and-yoga-retreat-in-val-david\/#primaryimage"},"image":{"@id":"https:\/\/zero-gravite.ca\/en\/event\/climbing-and-yoga-retreat-in-val-david\/#primaryimage"},"thumbnailUrl":"https:\/\/zero-gravite.ca\/wp-content\/uploads\/2025\/05\/nouvelle-affiche-retraite-yoga.jpg","datePublished":"2025-05-16T16:58:42+00:00","dateModified":"2025-05-27T21:51:28+00:00","description":"Z\u00e9ro Gravit\u00e9 invites you to a unique retreat combining outdoor climbing and yoga in the inspiring Val-David\u2013Val-Morin Regional Park setting. Whether you're a beginner or an experienced climber, everyone is welcome!","breadcrumb":{"@id":"https:\/\/zero-gravite.ca\/en\/event\/climbing-and-yoga-retreat-in-val-david\/#breadcrumb"},"inLanguage":"en-US","potentialAction":[{"@type":"ReadAction","target":["https:\/\/zero-gravite.ca\/en\/event\/climbing-and-yoga-retreat-in-val-david\/"]}]},{"@type":"ImageObject","inLanguage":"en-US","@id":"https:\/\/zero-gravite.ca\/en\/event\/climbing-and-yoga-retreat-in-val-david\/#primaryimage","url":"https:\/\/zero-gravite.ca\/wp-content\/uploads\/2025\/05\/nouvelle-affiche-retraite-yoga.jpg","contentUrl":"https:\/\/zero-gravite.ca\/wp-content\/uploads\/2025\/05\/nouvelle-affiche-retraite-yoga.jpg","width":1080,"height":1350,"caption":"retraite escalade et yoga \u00e0 val-david Z\u00e9ro Gravit\u00e9 Passe Montagne"},{"@type":"BreadcrumbList","@id":"https:\/\/zero-gravite.ca\/en\/event\/climbing-and-yoga-retreat-in-val-david\/#breadcrumb","itemListElement":[{"@type":"ListItem","position":1,"name":"Accueil","item":"https:\/\/zero-gravite.ca\/en\/"},{"@type":"ListItem","position":2,"name":"Events","item":"https:\/\/zero-gravite.ca\/en\/events\/"},{"@type":"ListItem","position":3,"name":"Climbing and Yoga Retreat in Val-David"}]},{"@type":"WebSite","@id":"https:\/\/zero-gravite.ca\/en\/#website","url":"https:\/\/zero-gravite.ca\/en\/","name":"Z\u00e9ro Gravit\u00e9","description":"Escalade et yoga au coeur de Montr\u00e9al","publisher":{"@id":"https:\/\/zero-gravite.ca\/en\/#organization"},"potentialAction":[{"@type":"SearchAction","target":{"@type":"EntryPoint","urlTemplate":"https:\/\/zero-gravite.ca\/en\/?s={search_term_string}"},"query-input":"required name=search_term_string"}],"inLanguage":"en-US"},{"@type":"Organization","@id":"https:\/\/zero-gravite.ca\/en\/#organization","name":"Z\u00e9ro Gravit\u00e9 escalade & yoga","url":"https:\/\/zero-gravite.ca\/en\/","logo":{"@type":"ImageObject","inLanguage":"en-US","@id":"https:\/\/zero-gravite.ca\/en\/#\/schema\/logo\/image\/","url":"https:\/\/zero-gravite.ca\/wp-content\/uploads\/2022\/02\/ZG_Logo_Classic_CMYK.png","contentUrl":"https:\/\/zero-gravite.ca\/wp-content\/uploads\/2022\/02\/ZG_Logo_Classic_CMYK.png","width":1777,"height":1600,"caption":"Z\u00e9ro Gravit\u00e9 escalade & yoga"},"image":{"@id":"https:\/\/zero-gravite.ca\/en\/#\/schema\/logo\/image\/"},"sameAs":["https:\/\/www.facebook.com\/0gravite","https:\/\/www.instagram.com\/zero.gravite"]}]}},"_links":{"self":[{"href":"https:\/\/zero-gravite.ca\/en\/wp-json\/wp\/v2\/tribe_events\/19370","targetHints":{"allow":["GET"]}}],"collection":[{"href":"https:\/\/zero-gravite.ca\/en\/wp-json\/wp\/v2\/tribe_events"}],"about":[{"href":"https:\/\/zero-gravite.ca\/en\/wp-json\/wp\/v2\/types\/tribe_events"}],"author":[{"embeddable":true,"href":"https:\/\/zero-gravite.ca\/en\/wp-json\/wp\/v2\/users\/23"}],"replies":[{"embeddable":true,"href":"https:\/\/zero-gravite.ca\/en\/wp-json\/wp\/v2\/comments?post=19370"}],"version-history":[{"count":3,"href":"https:\/\/zero-gravite.ca\/en\/wp-json\/wp\/v2\/tribe_events\/19370\/revisions"}],"predecessor-version":[{"id":19449,"href":"https:\/\/zero-gravite.ca\/en\/wp-json\/wp\/v2\/tribe_events\/19370\/revisions\/19449"}],"wp:featuredmedia":[{"embeddable":true,"href":"https:\/\/zero-gravite.ca\/en\/wp-json\/wp\/v2\/media\/19622"}],"wp:attachment":[{"href":"https:\/\/zero-gravite.ca\/en\/wp-json\/wp\/v2\/media?parent=19370"}],"wp:term":[{"taxonomy":"post_tag","embeddable":true,"href":"https:\/\/zero-gravite.ca\/en\/wp-json\/wp\/v2\/tags?post=19370"},{"taxonomy":"tribe_events_cat","embeddable":true,"href":"https:\/\/zero-gravite.ca\/en\/wp-json\/wp\/v2\/tribe_events_cat?post=19370"}],"curies":[{"name":"wp","href":"https:\/\/api.w.org\/{rel}","templated":true}]}}