{"id":20281,"date":"2025-09-12T12:47:27","date_gmt":"2025-09-12T16:47:27","guid":{"rendered":"https:\/\/zero-gravite.ca\/event\/at-the-summit-with-bolivias-cholitas-escaladoras-talk\/"},"modified":"2025-09-12T12:47:27","modified_gmt":"2025-09-12T16:47:27","slug":"at-the-summit-with-bolivias-cholitas-escaladoras-talk","status":"publish","type":"tribe_events","link":"https:\/\/zero-gravite.ca\/en\/event\/at-the-summit-with-bolivias-cholitas-escaladoras-talk\/","title":{"rendered":"At the summit with Bolivia&#8217;s cholitas escaladoras talk"},"content":{"rendered":"<div  class=\"tribe-events-schedule tribe-clearfix\" >\n\t<h2 class=\"tribe-events-schedule__datetime\">\n\t\t<span class=\"tribe-events-schedule__date tribe-events-schedule__date--start\">\n\t\t\t2025-10-03\t\t<\/span>\n\n\t\t\t\t\t<span class=\"tribe-events-schedule__separator tribe-events-schedule__separator--date\">\n\t\t\t\t @ \t\t\t<\/span>\n\t\t\t<span class=\"tribe-events-schedule__time tribe-events-schedule__time--start\">\n\t\t\t\t19:30\t\t\t<\/span>\n\t\t\n\t\t\t\t\t\t\t\t\t<span class=\"tribe-events-schedule__separator tribe-events-schedule__separator--time\">\n\t\t\t\t\t &#8211; \t\t\t\t<\/span>\n\t\t\t\n\t\t\t\t\t\t\t<span class=\"tribe-events-schedule__time tribe-events-schedule__time--end\">\n\t\t\t\t\t21:00\t\t\t\t<\/span>\n\t\t\t\n\t\t\t\t\t\t<\/h2>\n<\/div>\n\n<p>Screening of the documentary film \u201cCholitas,\u201d which recounts this group of women&#8217;s ascent to the summit of Aconcagua, the highest mountain in the Americas. The film will be followed by a conference to discuss the initiative of these guardians of the mountain in greater detail and share Tanya Lecuyer&#8217;s experience of climbing Huayna Potos\u00ed (6,088 m) alongside them last September. <\/p>\n\n<p>The Cholitas escaladoras of Bolivia are Aymara women who love high-altitude sports. They have carved out a place for themselves in a predominantly male sector and are following their path as cooks and guides, with the dream of telling their story to the world, inspiring those around them, and training more women to become mountain guides. They carry messages of women&#8217;s empowerment and mountain protection to the highest peaks. <\/p>\n\n<p>Cette activit\u00e9 s\u2019inscrit dans le cadre d\u2019une lev\u00e9e de fonds pour les appuyer: il sera possible de faire un don, et Tanya viendra \u00e9galement avec de l\u2019artisanat qu\u2019elles ont fabriqu\u00e9 qui sera en vente.<\/p>\n<div  class=\"tribe-block tribe-block__event-price\" >\n\t\t\t<span class=\"tribe-block__event-price__cost\"> 10$ <\/span>\n\t\t\t\t<span class=\"tribe-block__event-price__description\">R\u00e9servation obligatoire, contribution volontaire \u00e0 l\u2019entr\u00e9e (comptant ou virement &#8211; prix sugg\u00e9r\u00e9 10$)<\/span>\n\t<\/div>\n<div  class=\"tribe-block tribe-block__event-website\" >\n\t<a\n\t\thref=\"https:\/\/app.rockgympro.com\/b\/widget\/?a=offering&#038;offering_guid=41fed4bf2edd4b8882ab2f2c22a1cab8&#038;random=68c1ec020b100&#038;iframeid=&#038;mode=p\"\n\t\ttarget=\"_self\"\n\t\t\t>\n\t\tR\u00e9servation obligatoire\t<\/a>\n<\/div>\n<div  class=\"tribe-block tribe-block__venue tribe-clearfix tribe-block__venue--has-map\" >\n\t\n\t\n<div class=\"tribe-block__venue__meta\">\n\t<div class=\"tribe-block__venue__name\">\n\t\t<h3>Z\u00e9ro Gravit\u00e9 escalade &#038; yoga<\/h3>\n\t<\/div>\n\n\t\n\t\t\t<address class=\"tribe-block__venue__address\">\n\t\t\t<span class=\"tribe-address\">\n\n<span class=\"tribe-street-address\">4519 Papineau<\/span>\n\t\n\t\t<br>\n\t\t<span class=\"tribe-locality\">Montreal<\/span><span class=\"tribe-delimiter\">,<\/span>\n\n\t<abbr class=\"tribe-region tribe-events-abbr\" title=\"QC\">QC<\/abbr>\n\n\t<span class=\"tribe-postal-code\">H2H1V4<\/span>\n\n\n<\/span>\n\n\t\t\t\t\t\t\t<a class=\"tribe-events-gmap\" href=\"https:\/\/maps.google.com\/maps?f=q&#038;source=s_q&#038;hl=en&#038;geocode=&#038;q=4519+Papineau+Montreal+QC+H2H1V4\" title=\"Click to view a Google Map\" target=\"_blank\" rel=\"noreferrer noopener\">+ Google Map<\/a>\t\t\t\t\t<\/address>\n\t\n\t\n\t\t\t<span class=\"tribe-block__venue__website\"><a href=\"https:\/\/zero-gravite.ca\" target=\"_self\" rel=\"external\">View Venue Website<\/a><\/span><br \/>\n\t\n\t<\/div>\n\t\n<div class=\"tribe-block__venue__map\">\n\t\n<iframe\n  title=\"Google maps iframe displaying the address to Z\u00e9ro Gravit\u00e9 escalade &#038; yoga\"\n  aria-label=\"Venue location map\"\n  width=\"310px\"\n  height=\"256px\"\n  frameborder=\"0\" style=\"border:0\"\n  src=\"https:\/\/www.google.com\/maps\/embed\/v1\/place?key=AIzaSyDNsicAsP6-VuGtAb1O9riI3oc_NOb7IOU&#038;q=4519+Papineau+Montreal+QC+QC+H2H1V4+&#038;zoom=10\" allowfullscreen>\n<\/iframe>\n<\/div>\n\n\t<\/div>\n\t<div  class=\"tribe-block tribe-block__events-link\" >\n\t\t<div class=\"tribe-events tribe-common\">\n\t\t\t<div class=\"tribe-events-c-subscribe-dropdown__container\">\n\t\t\t\t<div class=\"tribe-events-c-subscribe-dropdown\">\n\t\t\t\t\t<div class=\"tribe-common-c-btn-border tribe-events-c-subscribe-dropdown__button\">\n\t\t\t\t\t\t<svg  class=\"tribe-common-c-svgicon tribe-common-c-svgicon--cal-export tribe-events-c-subscribe-dropdown__export-icon\"  viewBox=\"0 0 23 17\" xmlns=\"http:\/\/www.w3.org\/2000\/svg\">\n  <path fill-rule=\"evenodd\" clip-rule=\"evenodd\" d=\"M.128.896V16.13c0 .211.145.383.323.383h15.354c.179 0 .323-.172.323-.383V.896c0-.212-.144-.383-.323-.383H.451C.273.513.128.684.128.896Zm16 6.742h-.901V4.679H1.009v10.729h14.218v-3.336h.901V7.638ZM1.01 1.614h14.218v2.058H1.009V1.614Z\" \/>\n  <path d=\"M20.5 9.846H8.312M18.524 6.953l2.89 2.909-2.855 2.855\" stroke-width=\"1.2\" stroke-linecap=\"round\" stroke-linejoin=\"round\"\/>\n<\/svg>\n\t\t\t\t\t\t<button\n\t\t\t\t\t\t\tclass=\"tribe-events-c-subscribe-dropdown__button-text\"\n\t\t\t\t\t\t\taria-expanded=\"false\"\n\t\t\t\t\t\t\taria-controls=\"tribe-events-subscribe-dropdown-content\"\n\t\t\t\t\t\t\taria-label=\"\"\n\t\t\t\t\t\t>\n\t\t\t\t\t\t\tAdd to calendar\t\t\t\t\t\t<\/button>\n\t\t\t\t\t\t<svg  class=\"tribe-common-c-svgicon tribe-common-c-svgicon--caret-down tribe-events-c-subscribe-dropdown__button-icon\"  viewBox=\"0 0 10 7\" xmlns=\"http:\/\/www.w3.org\/2000\/svg\" aria-hidden=\"true\"><path fill-rule=\"evenodd\" clip-rule=\"evenodd\" d=\"M1.008.609L5 4.6 8.992.61l.958.958L5 6.517.05 1.566l.958-.958z\" class=\"tribe-common-c-svgicon__svg-fill\"\/><\/svg>\n\t\t\t\t\t<\/div>\n\t\t\t\t\t<div id=\"tribe-events-subscribe-dropdown-content\" class=\"tribe-events-c-subscribe-dropdown__content\">\n\t\t\t\t\t\t<ul class=\"tribe-events-c-subscribe-dropdown__list\">\n\t\t\t\t\t\t\t\t\t\t\t\t\t\t\t<li class=\"tribe-events-c-subscribe-dropdown__list-item\">\n\t\t\t\t\t\t\t\t\t<a\n\t\t\t\t\t\t\t\t\t\thref=\"https:\/\/www.google.com\/calendar\/event?action=TEMPLATE&#038;dates=20251003T193000\/20251003T210000&#038;text=At%20the%20summit%20with%20Bolivia%26%238217%3Bs%20cholitas%20escaladoras%20talk&#038;details=%3Cp%3EScreening+of+the+documentary+film+%E2%80%9CCholitas%2C%E2%80%9D+which+recounts+this+group+of+women%27s+ascent+to+the+summit+of+Aconcagua%2C+the+highest+mountain+in+the+Americas.+The+film+will+be+followed+by+a+conference+to+discuss+the+initiative+of+these+guardians+of+the+mountain+in+greater+detail+and+share+Tanya+Lecuyer%27s+experience+of+climbing+Huayna+Potos%C3%AD+%286%2C088+m%29+alongside+them+last+September.+%3C%2Fp%3E+%3Cp%3EThe+Cholitas+escaladoras+of+Bolivia+are+Aymara+women+who+love+high-altitude+sports.+They+have+carved+out+a+place+for+themselves+in+a+predominantly+male+sector+and+are+following+their+path+as+cooks+and+guides%2C+with+the+dream+of+telling+their+story+to+the+world%2C+inspiring+those+around+them%2C+and+training+more+women+to+become+mountain+guides.+They+carry+messages+of+women%27s+empowerment+and+mountain+protection+to+the+highest+peaks.+%3C%2Fp%3E+%3Cp%3ECette+activit%C3%A9+s%E2%80%99inscrit+dans+le+cadre+d%E2%80%99une+lev%C3%A9e+de+fonds+pour+les+appuyer%3A+il+sera+possible+de+faire+un+don%2C+et+Tanya+viendra+%C3%A9galement+avec+de+l%E2%3C%2Fp%3E+%28View+Full+event+Description+Here%3A+https%3A%2F%2Fzero-gravite.ca%2Fen%2Fevent%2Fat-the-summit-with-bolivias-cholitas-escaladoras-talk%2F%29&#038;location=Z\u00e9ro%20Gravit\u00e9%20escalade%20&#038;%20yoga,%204519%20Papineau,%20Montreal,%20QC,%20H2H1V4&#038;trp=false&#038;ctz=America\/New_York&#038;sprop=website:https:\/\/zero-gravite.ca\/en\/\"\n\t\t\t\t\t\t\t\t\t\tclass=\"tribe-events-c-subscribe-dropdown__list-item-link\"\n\t\t\t\t\t\t\t\t\t\ttarget=\"_blank\"\n\t\t\t\t\t\t\t\t\t\trel=\"noopener noreferrer nofollow noindex\"\n\t\t\t\t\t\t\t\t\t>\n\t\t\t\t\t\t\t\t\t\tGoogle Calendar\t\t\t\t\t\t\t\t\t<\/a>\n\t\t\t\t\t\t\t\t<\/li>\n\t\t\t\t\t\t\t\t\t\t\t\t\t\t\t<li class=\"tribe-events-c-subscribe-dropdown__list-item\">\n\t\t\t\t\t\t\t\t\t<a\n\t\t\t\t\t\t\t\t\t\thref=\"\"\n\t\t\t\t\t\t\t\t\t\tclass=\"tribe-events-c-subscribe-dropdown__list-item-link\"\n\t\t\t\t\t\t\t\t\t\ttarget=\"_blank\"\n\t\t\t\t\t\t\t\t\t\trel=\"noopener noreferrer nofollow noindex\"\n\t\t\t\t\t\t\t\t\t>\n\t\t\t\t\t\t\t\t\t\tiCalendar\t\t\t\t\t\t\t\t\t<\/a>\n\t\t\t\t\t\t\t\t<\/li>\n\t\t\t\t\t\t\t\t\t\t\t\t\t\t\t<li class=\"tribe-events-c-subscribe-dropdown__list-item\">\n\t\t\t\t\t\t\t\t\t<a\n\t\t\t\t\t\t\t\t\t\thref=\"\"\n\t\t\t\t\t\t\t\t\t\tclass=\"tribe-events-c-subscribe-dropdown__list-item-link\"\n\t\t\t\t\t\t\t\t\t\ttarget=\"_blank\"\n\t\t\t\t\t\t\t\t\t\trel=\"noopener noreferrer nofollow noindex\"\n\t\t\t\t\t\t\t\t\t>\n\t\t\t\t\t\t\t\t\t\tOutlook 365\t\t\t\t\t\t\t\t\t<\/a>\n\t\t\t\t\t\t\t\t<\/li>\n\t\t\t\t\t\t\t\t\t\t\t\t\t\t\t<li class=\"tribe-events-c-subscribe-dropdown__list-item\">\n\t\t\t\t\t\t\t\t\t<a\n\t\t\t\t\t\t\t\t\t\thref=\"\"\n\t\t\t\t\t\t\t\t\t\tclass=\"tribe-events-c-subscribe-dropdown__list-item-link\"\n\t\t\t\t\t\t\t\t\t\ttarget=\"_blank\"\n\t\t\t\t\t\t\t\t\t\trel=\"noopener noreferrer nofollow noindex\"\n\t\t\t\t\t\t\t\t\t>\n\t\t\t\t\t\t\t\t\t\tOutlook Live\t\t\t\t\t\t\t\t\t<\/a>\n\t\t\t\t\t\t\t\t<\/li>\n\t\t\t\t\t\t\t\t\t\t\t\t\t<\/ul>\n\t\t\t\t\t<\/div>\n\t\t\t\t<\/div>\n\t\t\t<\/div>\n\t\t<\/div>\n\t<\/div>\n\n","protected":false},"excerpt":{"rendered":"<p>Screening of the documentary film \u201cCholitas,\u201d which recounts this group of women&#8217;s ascent to the summit of Aconcagua, the highest mountain in the Americas. The film will be followed by a conference to discuss the initiative of these guardians of the mountain in greater detail and share Tanya Lecuyer&#8217;s experience of climbing Huayna Potos\u00ed (6,088 m) alongside them last September. <\/p>\n","protected":false},"author":23,"featured_media":20279,"comment_status":"closed","ping_status":"closed","template":"","meta":{"_mo_disable_npp":"","site-sidebar-layout":"default","site-content-layout":"default","ast-global-header-display":"","ast-main-header-display":"","ast-hfb-above-header-display":"","ast-hfb-below-header-display":"","ast-hfb-mobile-header-display":"","site-post-title":"","ast-breadcrumbs-content":"","ast-featured-img":"","footer-sml-layout":"","theme-transparent-header-meta":"","adv-header-id-meta":"","stick-header-meta":"","header-above-stick-meta":"","header-main-stick-meta":"","header-below-stick-meta":"","_EventAllDay":false,"_EventTimezone":"America\/New_York","_EventStartDate":"2025-10-03 19:30:00","_EventEndDate":"2025-10-03 21:00:00","_EventStartDateUTC":"2025-10-03 23:30:00","_EventEndDateUTC":"2025-10-04 01:00:00","_EventShowMap":false,"_EventShowMapLink":false,"_EventURL":"https:\/\/app.rockgympro.com\/b\/widget\/?a=offering&offering_guid=41fed4bf2edd4b8882ab2f2c22a1cab8&random=68c1ec020b100&iframeid=&mode=p","_EventCost":"10","_EventCostDescription":"","_EventCurrencySymbol":"","_EventCurrencyCode":"","_EventCurrencyPosition":"","_EventDateTimeSeparator":"","_EventTimeRangeSeparator":"","_EventOrganizerID":[],"_EventVenueID":[14637],"_OrganizerEmail":"","_OrganizerPhone":"","_OrganizerWebsite":"","_VenueAddress":"","_VenueCity":"","_VenueCountry":"","_VenueProvince":"","_VenueState":"","_VenueZip":"","_VenuePhone":"","_VenueURL":"","_VenueStateProvince":"","_VenueLat":"","_VenueLng":"","_VenueShowMap":false,"_VenueShowMapLink":false,"_tribe_events_status":"","_tribe_events_status_reason":"","footnotes":""},"tags":[],"tribe_events_cat":[541],"class_list":["post-20281","tribe_events","type-tribe_events","status-publish","has-post-thumbnail","hentry","tribe_events_cat-talk","cat_talk"],"yoast_head":"<!-- This site is optimized with the Yoast SEO plugin v22.7 - https:\/\/yoast.com\/wordpress\/plugins\/seo\/ -->\n<title>At the summit with Bolivia&#039;s cholitas escaladoras talk | Z\u00e9ro Gravit\u00e9<\/title>\n<meta name=\"description\" content=\"Screening of the documentary film \u201cCholitas,\u201d which recounts this group of women&#039;s ascent to the summit of Aconcagua, the highest mountain in the Americas. The film will be followed by a conference to discuss the initiative of these guardians of the mountain in greater detail and share Tanya Lecuyer&#039;s experience of climbing Huayna Potos\u00ed (6,088 m) alongside them last September.\" \/>\n<meta name=\"robots\" content=\"index, follow, max-snippet:-1, max-image-preview:large, max-video-preview:-1\" \/>\n<link rel=\"canonical\" href=\"https:\/\/zero-gravite.ca\/en\/event\/at-the-summit-with-bolivias-cholitas-escaladoras-talk\/\" \/>\n<meta property=\"og:locale\" content=\"en_US\" \/>\n<meta property=\"og:type\" content=\"article\" \/>\n<meta property=\"og:title\" content=\"At the summit with Bolivia&#039;s cholitas escaladoras talk | Z\u00e9ro Gravit\u00e9\" \/>\n<meta property=\"og:description\" content=\"Screening of the documentary film \u201cCholitas,\u201d which recounts this group of women&#039;s ascent to the summit of Aconcagua, the highest mountain in the Americas. The film will be followed by a conference to discuss the initiative of these guardians of the mountain in greater detail and share Tanya Lecuyer&#039;s experience of climbing Huayna Potos\u00ed (6,088 m) alongside them last September.\" \/>\n<meta property=\"og:url\" content=\"https:\/\/zero-gravite.ca\/en\/event\/at-the-summit-with-bolivias-cholitas-escaladoras-talk\/\" \/>\n<meta property=\"og:site_name\" content=\"Z\u00e9ro Gravit\u00e9\" \/>\n<meta property=\"article:publisher\" content=\"https:\/\/www.facebook.com\/0gravite\" \/>\n<meta property=\"og:image\" content=\"https:\/\/zero-gravite.ca\/wp-content\/uploads\/2025\/09\/ZG_GABARIT_CONFCAUSERIE.jpg\" \/>\n\t<meta property=\"og:image:width\" content=\"1080\" \/>\n\t<meta property=\"og:image:height\" content=\"1350\" \/>\n\t<meta property=\"og:image:type\" content=\"image\/jpeg\" \/>\n<meta name=\"twitter:card\" content=\"summary_large_image\" \/>\n<meta name=\"twitter:label1\" content=\"Est. reading time\" \/>\n\t<meta name=\"twitter:data1\" content=\"1 minute\" \/>\n<script type=\"application\/ld+json\" class=\"yoast-schema-graph\">{\"@context\":\"https:\/\/schema.org\",\"@graph\":[{\"@type\":\"WebPage\",\"@id\":\"https:\/\/zero-gravite.ca\/en\/event\/at-the-summit-with-bolivias-cholitas-escaladoras-talk\/\",\"url\":\"https:\/\/zero-gravite.ca\/en\/event\/at-the-summit-with-bolivias-cholitas-escaladoras-talk\/\",\"name\":\"At the summit with Bolivia's cholitas escaladoras talk | Z\u00e9ro Gravit\u00e9\",\"isPartOf\":{\"@id\":\"https:\/\/zero-gravite.ca\/en\/#website\"},\"primaryImageOfPage\":{\"@id\":\"https:\/\/zero-gravite.ca\/en\/event\/at-the-summit-with-bolivias-cholitas-escaladoras-talk\/#primaryimage\"},\"image\":{\"@id\":\"https:\/\/zero-gravite.ca\/en\/event\/at-the-summit-with-bolivias-cholitas-escaladoras-talk\/#primaryimage\"},\"thumbnailUrl\":\"https:\/\/zero-gravite.ca\/wp-content\/uploads\/2025\/09\/ZG_GABARIT_CONFCAUSERIE.jpg\",\"datePublished\":\"2025-09-12T16:47:27+00:00\",\"dateModified\":\"2025-09-12T16:47:27+00:00\",\"description\":\"Screening of the documentary film \u201cCholitas,\u201d which recounts this group of women's ascent to the summit of Aconcagua, the highest mountain in the Americas. The film will be followed by a conference to discuss the initiative of these guardians of the mountain in greater detail and share Tanya Lecuyer's experience of climbing Huayna Potos\u00ed (6,088 m) alongside them last September.\",\"breadcrumb\":{\"@id\":\"https:\/\/zero-gravite.ca\/en\/event\/at-the-summit-with-bolivias-cholitas-escaladoras-talk\/#breadcrumb\"},\"inLanguage\":\"en-US\",\"potentialAction\":[{\"@type\":\"ReadAction\",\"target\":[\"https:\/\/zero-gravite.ca\/en\/event\/at-the-summit-with-bolivias-cholitas-escaladoras-talk\/\"]}]},{\"@type\":\"ImageObject\",\"inLanguage\":\"en-US\",\"@id\":\"https:\/\/zero-gravite.ca\/en\/event\/at-the-summit-with-bolivias-cholitas-escaladoras-talk\/#primaryimage\",\"url\":\"https:\/\/zero-gravite.ca\/wp-content\/uploads\/2025\/09\/ZG_GABARIT_CONFCAUSERIE.jpg\",\"contentUrl\":\"https:\/\/zero-gravite.ca\/wp-content\/uploads\/2025\/09\/ZG_GABARIT_CONFCAUSERIE.jpg\",\"width\":1080,\"height\":1350,\"caption\":\"conf\u00e9rence causerie avec Tanya Lecuyer Village Monde, au sommet avec les cholitas escaladoras de Bolivie\"},{\"@type\":\"BreadcrumbList\",\"@id\":\"https:\/\/zero-gravite.ca\/en\/event\/at-the-summit-with-bolivias-cholitas-escaladoras-talk\/#breadcrumb\",\"itemListElement\":[{\"@type\":\"ListItem\",\"position\":1,\"name\":\"Accueil\",\"item\":\"https:\/\/zero-gravite.ca\/en\/\"},{\"@type\":\"ListItem\",\"position\":2,\"name\":\"Events\",\"item\":\"https:\/\/zero-gravite.ca\/en\/events\/\"},{\"@type\":\"ListItem\",\"position\":3,\"name\":\"At the summit with Bolivia&#8217;s cholitas escaladoras talk\"}]},{\"@type\":\"WebSite\",\"@id\":\"https:\/\/zero-gravite.ca\/en\/#website\",\"url\":\"https:\/\/zero-gravite.ca\/en\/\",\"name\":\"Z\u00e9ro Gravit\u00e9\",\"description\":\"Escalade et yoga au coeur de Montr\u00e9al\",\"publisher\":{\"@id\":\"https:\/\/zero-gravite.ca\/en\/#organization\"},\"potentialAction\":[{\"@type\":\"SearchAction\",\"target\":{\"@type\":\"EntryPoint\",\"urlTemplate\":\"https:\/\/zero-gravite.ca\/en\/?s={search_term_string}\"},\"query-input\":\"required name=search_term_string\"}],\"inLanguage\":\"en-US\"},{\"@type\":\"Organization\",\"@id\":\"https:\/\/zero-gravite.ca\/en\/#organization\",\"name\":\"Z\u00e9ro Gravit\u00e9 escalade & yoga\",\"url\":\"https:\/\/zero-gravite.ca\/en\/\",\"logo\":{\"@type\":\"ImageObject\",\"inLanguage\":\"en-US\",\"@id\":\"https:\/\/zero-gravite.ca\/en\/#\/schema\/logo\/image\/\",\"url\":\"https:\/\/zero-gravite.ca\/wp-content\/uploads\/2022\/02\/ZG_Logo_Classic_CMYK.png\",\"contentUrl\":\"https:\/\/zero-gravite.ca\/wp-content\/uploads\/2022\/02\/ZG_Logo_Classic_CMYK.png\",\"width\":1777,\"height\":1600,\"caption\":\"Z\u00e9ro Gravit\u00e9 escalade & yoga\"},\"image\":{\"@id\":\"https:\/\/zero-gravite.ca\/en\/#\/schema\/logo\/image\/\"},\"sameAs\":[\"https:\/\/www.facebook.com\/0gravite\",\"https:\/\/www.instagram.com\/zero.gravite\"]}]}<\/script>\n<!-- \/ Yoast SEO plugin. -->","yoast_head_json":{"title":"At the summit with Bolivia's cholitas escaladoras talk | Z\u00e9ro Gravit\u00e9","description":"Screening of the documentary film \u201cCholitas,\u201d which recounts this group of women's ascent to the summit of Aconcagua, the highest mountain in the Americas. The film will be followed by a conference to discuss the initiative of these guardians of the mountain in greater detail and share Tanya Lecuyer's experience of climbing Huayna Potos\u00ed (6,088 m) alongside them last September.","robots":{"index":"index","follow":"follow","max-snippet":"max-snippet:-1","max-image-preview":"max-image-preview:large","max-video-preview":"max-video-preview:-1"},"canonical":"https:\/\/zero-gravite.ca\/en\/event\/at-the-summit-with-bolivias-cholitas-escaladoras-talk\/","og_locale":"en_US","og_type":"article","og_title":"At the summit with Bolivia's cholitas escaladoras talk | Z\u00e9ro Gravit\u00e9","og_description":"Screening of the documentary film \u201cCholitas,\u201d which recounts this group of women's ascent to the summit of Aconcagua, the highest mountain in the Americas. The film will be followed by a conference to discuss the initiative of these guardians of the mountain in greater detail and share Tanya Lecuyer's experience of climbing Huayna Potos\u00ed (6,088 m) alongside them last September.","og_url":"https:\/\/zero-gravite.ca\/en\/event\/at-the-summit-with-bolivias-cholitas-escaladoras-talk\/","og_site_name":"Z\u00e9ro Gravit\u00e9","article_publisher":"https:\/\/www.facebook.com\/0gravite","og_image":[{"width":1080,"height":1350,"url":"https:\/\/zero-gravite.ca\/wp-content\/uploads\/2025\/09\/ZG_GABARIT_CONFCAUSERIE.jpg","type":"image\/jpeg"}],"twitter_card":"summary_large_image","twitter_misc":{"Est. reading time":"1 minute"},"schema":{"@context":"https:\/\/schema.org","@graph":[{"@type":"WebPage","@id":"https:\/\/zero-gravite.ca\/en\/event\/at-the-summit-with-bolivias-cholitas-escaladoras-talk\/","url":"https:\/\/zero-gravite.ca\/en\/event\/at-the-summit-with-bolivias-cholitas-escaladoras-talk\/","name":"At the summit with Bolivia's cholitas escaladoras talk | Z\u00e9ro Gravit\u00e9","isPartOf":{"@id":"https:\/\/zero-gravite.ca\/en\/#website"},"primaryImageOfPage":{"@id":"https:\/\/zero-gravite.ca\/en\/event\/at-the-summit-with-bolivias-cholitas-escaladoras-talk\/#primaryimage"},"image":{"@id":"https:\/\/zero-gravite.ca\/en\/event\/at-the-summit-with-bolivias-cholitas-escaladoras-talk\/#primaryimage"},"thumbnailUrl":"https:\/\/zero-gravite.ca\/wp-content\/uploads\/2025\/09\/ZG_GABARIT_CONFCAUSERIE.jpg","datePublished":"2025-09-12T16:47:27+00:00","dateModified":"2025-09-12T16:47:27+00:00","description":"Screening of the documentary film \u201cCholitas,\u201d which recounts this group of women's ascent to the summit of Aconcagua, the highest mountain in the Americas. The film will be followed by a conference to discuss the initiative of these guardians of the mountain in greater detail and share Tanya Lecuyer's experience of climbing Huayna Potos\u00ed (6,088 m) alongside them last September.","breadcrumb":{"@id":"https:\/\/zero-gravite.ca\/en\/event\/at-the-summit-with-bolivias-cholitas-escaladoras-talk\/#breadcrumb"},"inLanguage":"en-US","potentialAction":[{"@type":"ReadAction","target":["https:\/\/zero-gravite.ca\/en\/event\/at-the-summit-with-bolivias-cholitas-escaladoras-talk\/"]}]},{"@type":"ImageObject","inLanguage":"en-US","@id":"https:\/\/zero-gravite.ca\/en\/event\/at-the-summit-with-bolivias-cholitas-escaladoras-talk\/#primaryimage","url":"https:\/\/zero-gravite.ca\/wp-content\/uploads\/2025\/09\/ZG_GABARIT_CONFCAUSERIE.jpg","contentUrl":"https:\/\/zero-gravite.ca\/wp-content\/uploads\/2025\/09\/ZG_GABARIT_CONFCAUSERIE.jpg","width":1080,"height":1350,"caption":"conf\u00e9rence causerie avec Tanya Lecuyer Village Monde, au sommet avec les cholitas escaladoras de Bolivie"},{"@type":"BreadcrumbList","@id":"https:\/\/zero-gravite.ca\/en\/event\/at-the-summit-with-bolivias-cholitas-escaladoras-talk\/#breadcrumb","itemListElement":[{"@type":"ListItem","position":1,"name":"Accueil","item":"https:\/\/zero-gravite.ca\/en\/"},{"@type":"ListItem","position":2,"name":"Events","item":"https:\/\/zero-gravite.ca\/en\/events\/"},{"@type":"ListItem","position":3,"name":"At the summit with Bolivia&#8217;s cholitas escaladoras talk"}]},{"@type":"WebSite","@id":"https:\/\/zero-gravite.ca\/en\/#website","url":"https:\/\/zero-gravite.ca\/en\/","name":"Z\u00e9ro Gravit\u00e9","description":"Escalade et yoga au coeur de Montr\u00e9al","publisher":{"@id":"https:\/\/zero-gravite.ca\/en\/#organization"},"potentialAction":[{"@type":"SearchAction","target":{"@type":"EntryPoint","urlTemplate":"https:\/\/zero-gravite.ca\/en\/?s={search_term_string}"},"query-input":"required name=search_term_string"}],"inLanguage":"en-US"},{"@type":"Organization","@id":"https:\/\/zero-gravite.ca\/en\/#organization","name":"Z\u00e9ro Gravit\u00e9 escalade & yoga","url":"https:\/\/zero-gravite.ca\/en\/","logo":{"@type":"ImageObject","inLanguage":"en-US","@id":"https:\/\/zero-gravite.ca\/en\/#\/schema\/logo\/image\/","url":"https:\/\/zero-gravite.ca\/wp-content\/uploads\/2022\/02\/ZG_Logo_Classic_CMYK.png","contentUrl":"https:\/\/zero-gravite.ca\/wp-content\/uploads\/2022\/02\/ZG_Logo_Classic_CMYK.png","width":1777,"height":1600,"caption":"Z\u00e9ro Gravit\u00e9 escalade & yoga"},"image":{"@id":"https:\/\/zero-gravite.ca\/en\/#\/schema\/logo\/image\/"},"sameAs":["https:\/\/www.facebook.com\/0gravite","https:\/\/www.instagram.com\/zero.gravite"]}]}},"_links":{"self":[{"href":"https:\/\/zero-gravite.ca\/en\/wp-json\/wp\/v2\/tribe_events\/20281","targetHints":{"allow":["GET"]}}],"collection":[{"href":"https:\/\/zero-gravite.ca\/en\/wp-json\/wp\/v2\/tribe_events"}],"about":[{"href":"https:\/\/zero-gravite.ca\/en\/wp-json\/wp\/v2\/types\/tribe_events"}],"author":[{"embeddable":true,"href":"https:\/\/zero-gravite.ca\/en\/wp-json\/wp\/v2\/users\/23"}],"replies":[{"embeddable":true,"href":"https:\/\/zero-gravite.ca\/en\/wp-json\/wp\/v2\/comments?post=20281"}],"version-history":[{"count":1,"href":"https:\/\/zero-gravite.ca\/en\/wp-json\/wp\/v2\/tribe_events\/20281\/revisions"}],"predecessor-version":[{"id":20282,"href":"https:\/\/zero-gravite.ca\/en\/wp-json\/wp\/v2\/tribe_events\/20281\/revisions\/20282"}],"wp:featuredmedia":[{"embeddable":true,"href":"https:\/\/zero-gravite.ca\/en\/wp-json\/wp\/v2\/media\/20279"}],"wp:attachment":[{"href":"https:\/\/zero-gravite.ca\/en\/wp-json\/wp\/v2\/media?parent=20281"}],"wp:term":[{"taxonomy":"post_tag","embeddable":true,"href":"https:\/\/zero-gravite.ca\/en\/wp-json\/wp\/v2\/tags?post=20281"},{"taxonomy":"tribe_events_cat","embeddable":true,"href":"https:\/\/zero-gravite.ca\/en\/wp-json\/wp\/v2\/tribe_events_cat?post=20281"}],"curies":[{"name":"wp","href":"https:\/\/api.w.org\/{rel}","templated":true}]}}